{"id":11807,"date":"2022-02-02T08:59:44","date_gmt":"2022-02-02T08:59:44","guid":{"rendered":"https:\/\/lightenjin.pt\/po_obras\/sao-joao-hospitals-intermodal-station\/"},"modified":"2023-07-20T11:18:40","modified_gmt":"2023-07-20T11:18:40","slug":"sao-joao-hospitals-intermodal-station","status":"publish","type":"portfolio","link":"https:\/\/lightenjin.pt\/en\/po_obras\/sao-joao-hospitals-intermodal-station\/","title":{"rendered":"S\u00e3o Jo\u00e3o Hospital\u2019s Intermodal Station"},"content":{"rendered":"\t\t<div data-elementor-type=\"wp-post\" data-elementor-id=\"11807\" class=\"elementor elementor-11807 elementor-11699\">\n\t\t\t\t<div class=\"elementor-element elementor-element-eee9d80 e-flex e-con-boxed e-con e-parent\" data-id=\"eee9d80\" data-element_type=\"container\" data-e-type=\"container\">\r\n\t\t\t\t\t<div class=\"e-con-inner\">\r\n\t\t\t\t<div class=\"elementor-element elementor-element-561e04e elementor-widget elementor-widget-text-editor\" data-id=\"561e04e\" data-element_type=\"widget\" data-e-type=\"widget\" data-widget_type=\"text-editor.default\">\n\t\t\t\t<div class=\"elementor-widget-container\">\n\t\t\t\t\t\t\t\t\t<p><span style=\"font-size: 13px;\">Photo Gallery<\/span><\/p>\n\t\t\t\t\t\t\t\t<\/div>\n\t\t\t\t<\/div>\n\t\t\t\t<div class=\"elementor-element elementor-element-45a15a60 gallery-spacing-custom elementor-widget elementor-widget-image-gallery\" data-id=\"45a15a60\" data-element_type=\"widget\" data-e-type=\"widget\" data-widget_type=\"image-gallery.default\">\n\t\t\t\t<div class=\"elementor-widget-container\">\n\t\t\t\t\t\t\t<div class=\"elementor-image-gallery\">\n\t\t\t<div id='gallery-1' class='gallery galleryid-11807 gallery-columns-3 gallery-size-medium'><figure class='gallery-item'>\n\t\t\t<div class='gallery-icon landscape'>\n\t\t\t\t<a data-elementor-open-lightbox=\"yes\" data-elementor-lightbox-slideshow=\"45a15a60\" data-elementor-lightbox-title=\"euluce-metro-porto-s\u00e3o-jo\u00e3o-01\" data-elementor-lightbox-description=\"P\u00f3lo Intermodal do Hospital S\u00e3o Jo\u00e3o\" data-e-action-hash=\"#elementor-action%3Aaction%3Dlightbox%26settings%3DeyJpZCI6MTE3MDEsInVybCI6Imh0dHBzOlwvXC9saWdodGVuamluLnB0XC93cC1jb250ZW50XC91cGxvYWRzXC8yMDIzXC8wN1wvZXVsdWNlLW1ldHJvLXBvcnRvLXNhby1qb2FvLTAxLmpwZyIsInNsaWRlc2hvdyI6IjQ1YTE1YTYwIn0%3D\" href='https:\/\/lightenjin.pt\/wp-content\/uploads\/2023\/07\/euluce-metro-porto-sao-joao-01.jpg'><img fetchpriority=\"high\" width=\"300\" height=\"225\" src=\"https:\/\/lightenjin.pt\/wp-content\/uploads\/2023\/07\/euluce-metro-porto-sao-joao-01-300x225.jpg\" class=\"attachment-medium size-medium\" alt=\"P\u00f3lo Intermodal do Hospital S\u00e3o Jo\u00e3o\" decoding=\"async\" title=\"\"><\/a>\n\t\t\t<\/div><\/figure><figure class='gallery-item'>\n\t\t\t<div class='gallery-icon landscape'>\n\t\t\t\t<a data-elementor-open-lightbox=\"yes\" data-elementor-lightbox-slideshow=\"45a15a60\" data-elementor-lightbox-title=\"euluce-metro-porto-s\u00e3o-jo\u00e3o-02\" data-elementor-lightbox-description=\"P\u00f3lo Intermodal do Hospital S\u00e3o Jo\u00e3o\" data-e-action-hash=\"#elementor-action%3Aaction%3Dlightbox%26settings%3DeyJpZCI6MTE3MDgsInVybCI6Imh0dHBzOlwvXC9saWdodGVuamluLnB0XC93cC1jb250ZW50XC91cGxvYWRzXC8yMDIzXC8wN1wvZXVsdWNlLW1ldHJvLXBvcnRvLXNhby1qb2FvLTAyLmpwZyIsInNsaWRlc2hvdyI6IjQ1YTE1YTYwIn0%3D\" href='https:\/\/lightenjin.pt\/wp-content\/uploads\/2023\/07\/euluce-metro-porto-sao-joao-02.jpg'><img width=\"300\" height=\"225\" src=\"https:\/\/lightenjin.pt\/wp-content\/uploads\/2023\/07\/euluce-metro-porto-sao-joao-02-300x225.jpg\" class=\"attachment-medium size-medium\" alt=\"\" decoding=\"async\" title=\"\"><\/a>\n\t\t\t<\/div><\/figure><figure class='gallery-item'>\n\t\t\t<div class='gallery-icon landscape'>\n\t\t\t\t<a data-elementor-open-lightbox=\"yes\" data-elementor-lightbox-slideshow=\"45a15a60\" data-elementor-lightbox-title=\"euluce-metro-porto-s\u00e3o-jo\u00e3o-03\" data-elementor-lightbox-description=\"P\u00f3lo Intermodal do Hospital S\u00e3o Jo\u00e3o\" data-e-action-hash=\"#elementor-action%3Aaction%3Dlightbox%26settings%3DeyJpZCI6MTE3MDUsInVybCI6Imh0dHBzOlwvXC9saWdodGVuamluLnB0XC93cC1jb250ZW50XC91cGxvYWRzXC8yMDIzXC8wN1wvZXVsdWNlLW1ldHJvLXBvcnRvLXNhby1qb2FvLTAzLmpwZyIsInNsaWRlc2hvdyI6IjQ1YTE1YTYwIn0%3D\" href='https:\/\/lightenjin.pt\/wp-content\/uploads\/2023\/07\/euluce-metro-porto-sao-joao-03.jpg'><img width=\"300\" height=\"225\" src=\"https:\/\/lightenjin.pt\/wp-content\/uploads\/2023\/07\/euluce-metro-porto-sao-joao-03-300x225.jpg\" class=\"attachment-medium size-medium\" alt=\"\" decoding=\"async\" title=\"\"><\/a>\n\t\t\t<\/div><\/figure>\n\t\t<\/div>\n\t\t<\/div>\n\t\t\t\t\t\t<\/div>\n\t\t\t\t<\/div>\n\t\t\t\t\t<\/div>\n\t\t\t\t<\/div>\n\t\t<div class=\"elementor-element elementor-element-3b0a8f65 e-flex e-con-boxed e-con e-parent\" data-id=\"3b0a8f65\" data-element_type=\"container\" data-e-type=\"container\">\r\n\t\t\t\t\t<div class=\"e-con-inner\">\r\n\t\t<div class=\"elementor-element elementor-element-215033ea e-con-full e-flex e-con e-parent\" data-id=\"215033ea\" data-element_type=\"container\" data-e-type=\"container\">\r\n\t\t\t\t<div class=\"elementor-element elementor-element-4420dac2 elementor-widget elementor-widget-text-editor\" data-id=\"4420dac2\" data-element_type=\"widget\" data-e-type=\"widget\" data-widget_type=\"text-editor.default\">\n\t\t\t\t<div class=\"elementor-widget-container\">\n\t\t\t\t\t\t\t\t\t<p>Metro do Porto had the collaboration of <strong>Lightenjin<\/strong> in the renovation of the <strong>Intermodal Hub of Hospital S\u00e3o Jo\u00e3o<\/strong>.<\/p>\n<p>The intervention included the construction of new covered interfaces, which allow metro users greater comfort compared to the existing stops.<\/p>\n<p>The renovation of the space also allowed for the integration of lighting that privileges the levels of uniformity of light in the waiting area. It also integrates the <strong>Management and Control System<\/strong>, which makes it possible to measure the levels of artificial lighting according to the levels of natural lighting, allowing <strong>consumption savings of over 50%<\/strong>.<\/p>\n<p>In this way, safety and visual acuity are maintained and ensured.<\/p>\n<p style=\"padding-left: 40px;\"><span style=\"text-decoration: underline;\"><em>Characteristics:<\/em><\/span><br \/><em>Luminaire meters: 280 (4 lines of 70mts)<\/em><br \/><em>Number of Light Fixtures: 144<\/em><br \/><em>Average power\/luminaire: 32 W<\/em><br \/><em>Hours of operation\/day: 12 h<\/em><br \/><em>Energy consumption\/luminaire: 140 kWh\/year<\/em><\/p>\n<p>In this link you can see more information about this work: <a href=\"https:\/\/www.porto.pt\/pt\/noticia\/estacao-de-metro-do-hospital-sao-joao-reabre-nesta-sexta-feira-e-duplica-capacidade-de-circulacao\" target=\"_blank\" rel=\"noopener noreferrer nofollow\">https:\/\/www.porto.pt\/pt\/noticia\/estacao-de-metro-do-hospital-sao-joao-reabre-nesta-&#8230;<\/a><\/p>\n<hr>\n<p><strong>Installed Products: <\/strong><\/p>\n<p>LINNE E O, DRILED, LINNE S90 I, Elementare R60, FLAT, <\/p>\n\t\t\t\t\t\t\t\t<\/div>\n\t\t\t\t<\/div>\n\t\t\t\t<\/div>\n\t\t<div class=\"elementor-element elementor-element-20e46b00 e-con-full e-flex e-con e-parent\" data-id=\"20e46b00\" data-element_type=\"container\" data-e-type=\"container\">\r\n\t\t\t\t<div class=\"elementor-element elementor-element-1d044992 elementor-widget elementor-widget-image\" data-id=\"1d044992\" data-element_type=\"widget\" data-e-type=\"widget\" data-widget_type=\"image.default\">\n\t\t\t\t<div class=\"elementor-widget-container\">\n\t\t\t\t\t\t\t\t\t\t\t\t<figure class=\"wp-caption\">\n\t\t\t\t\t\t\t\t\t\t\t<a href=\"https:\/\/lightenjin.pt\/produto\/linne-e-o\/\">\n\t\t\t\t\t\t\t<img loading=\"lazy\" decoding=\"async\" width=\"150\" height=\"150\" src=\"https:\/\/lightenjin.pt\/wp-content\/uploads\/2023\/06\/linne-e-o_vis_on-150x150.jpg\" class=\"attachment-thumbnail size-thumbnail wp-image-7773\" alt=\"\" title=\"\">\t\t\t\t\t\t\t\t<\/a>\n\t\t\t\t\t\t\t\t\t\t\t<figcaption class=\"widget-image-caption wp-caption-text\"><\/figcaption>\n\t\t\t\t\t\t\t\t\t\t<\/figure>\n\t\t\t\t\t\t\t\t\t<\/div>\n\t\t\t\t<\/div>\n\t\t\t\t<div class=\"elementor-element elementor-element-30b5b6c elementor-widget elementor-widget-image\" data-id=\"30b5b6c\" data-element_type=\"widget\" data-e-type=\"widget\" data-widget_type=\"image.default\">\n\t\t\t\t<div class=\"elementor-widget-container\">\n\t\t\t\t\t\t\t\t\t\t\t\t<figure class=\"wp-caption\">\n\t\t\t\t\t\t\t\t\t\t\t<a href=\"https:\/\/lightenjin.pt\/produto\/driled\/\">\n\t\t\t\t\t\t\t<img loading=\"lazy\" decoding=\"async\" width=\"150\" height=\"150\" src=\"https:\/\/lightenjin.pt\/wp-content\/uploads\/2023\/06\/driled_on-150x150.jpg\" class=\"attachment-thumbnail size-thumbnail wp-image-7820\" alt=\"\" title=\"\">\t\t\t\t\t\t\t\t<\/a>\n\t\t\t\t\t\t\t\t\t\t\t<figcaption class=\"widget-image-caption wp-caption-text\"><\/figcaption>\n\t\t\t\t\t\t\t\t\t\t<\/figure>\n\t\t\t\t\t\t\t\t\t<\/div>\n\t\t\t\t<\/div>\n\t\t\t\t<div class=\"elementor-element elementor-element-b790903 elementor-widget elementor-widget-image\" data-id=\"b790903\" data-element_type=\"widget\" data-e-type=\"widget\" data-widget_type=\"image.default\">\n\t\t\t\t<div class=\"elementor-widget-container\">\n\t\t\t\t\t\t\t\t\t\t\t\t<figure class=\"wp-caption\">\n\t\t\t\t\t\t\t\t\t\t\t<a href=\"https:\/\/lightenjin.pt\/produto\/linne-s-90-o\/\">\n\t\t\t\t\t\t\t<img loading=\"lazy\" decoding=\"async\" width=\"150\" height=\"150\" src=\"https:\/\/lightenjin.pt\/wp-content\/uploads\/2023\/06\/S90-O-euluce-150x150.png\" class=\"attachment-thumbnail size-thumbnail wp-image-9423\" alt=\"\" title=\"\">\t\t\t\t\t\t\t\t<\/a>\n\t\t\t\t\t\t\t\t\t\t\t<figcaption class=\"widget-image-caption wp-caption-text\"><\/figcaption>\n\t\t\t\t\t\t\t\t\t\t<\/figure>\n\t\t\t\t\t\t\t\t\t<\/div>\n\t\t\t\t<\/div>\n\t\t\t\t<div class=\"elementor-element elementor-element-dcb5ca2 elementor-widget elementor-widget-image\" data-id=\"dcb5ca2\" data-element_type=\"widget\" data-e-type=\"widget\" data-widget_type=\"image.default\">\n\t\t\t\t<div class=\"elementor-widget-container\">\n\t\t\t\t\t\t\t\t\t\t\t\t<figure class=\"wp-caption\">\n\t\t\t\t\t\t\t\t\t\t\t<a href=\"https:\/\/lightenjin.pt\/produto\/elementare-r-60\/\">\n\t\t\t\t\t\t\t<img loading=\"lazy\" decoding=\"async\" width=\"150\" height=\"150\" src=\"https:\/\/lightenjin.pt\/wp-content\/uploads\/2023\/06\/elementare_r60_t-150x150.jpg\" class=\"attachment-thumbnail size-thumbnail wp-image-9350\" alt=\"\" title=\"\">\t\t\t\t\t\t\t\t<\/a>\n\t\t\t\t\t\t\t\t\t\t\t<figcaption class=\"widget-image-caption wp-caption-text\"><\/figcaption>\n\t\t\t\t\t\t\t\t\t\t<\/figure>\n\t\t\t\t\t\t\t\t\t<\/div>\n\t\t\t\t<\/div>\n\t\t\t\t<div class=\"elementor-element elementor-element-9d242de elementor-widget elementor-widget-image\" data-id=\"9d242de\" data-element_type=\"widget\" data-e-type=\"widget\" data-widget_type=\"image.default\">\n\t\t\t\t<div class=\"elementor-widget-container\">\n\t\t\t\t\t\t\t\t\t\t\t\t<figure class=\"wp-caption\">\n\t\t\t\t\t\t\t\t\t\t\t<a href=\"https:\/\/lightenjin.pt\/produto\/flat\/\">\n\t\t\t\t\t\t\t<img loading=\"lazy\" decoding=\"async\" width=\"150\" height=\"150\" src=\"https:\/\/lightenjin.pt\/wp-content\/uploads\/2023\/06\/flat_on-150x150.jpg\" class=\"attachment-thumbnail size-thumbnail wp-image-9243\" alt=\"\" title=\"\">\t\t\t\t\t\t\t\t<\/a>\n\t\t\t\t\t\t\t\t\t\t\t<figcaption class=\"widget-image-caption wp-caption-text\"><\/figcaption>\n\t\t\t\t\t\t\t\t\t\t<\/figure>\n\t\t\t\t\t\t\t\t\t<\/div>\n\t\t\t\t<\/div>\n\t\t\t\t<\/div>\n\t\t\t\t\t<\/div>\n\t\t\t\t<\/div>\n\t\t\t\t<\/div>\n\t\t","protected":false},"excerpt":{"rendered":"<p>Photo Gallery Metro do Porto had the collaboration of Lightenjin in the renovation of the Intermodal Hub of Hospital S\u00e3o Jo\u00e3o. The intervention included the construction of new covered interfaces, which allow metro users greater comfort compared to the existing stops. The renovation of the space also allowed for the integration of lighting that privileges [&hellip;]<\/p>\n","protected":false},"featured_media":11701,"comment_status":"closed","ping_status":"closed","template":"","meta":{"footnotes":""},"portfolio_cat":[462],"portfolio_skills":[476],"class_list":["post-11807","portfolio","type-portfolio","status-publish","has-post-thumbnail","hentry","portfolio_cat-transports","portfolio_skills-subway"],"_links":{"self":[{"href":"https:\/\/lightenjin.pt\/en\/wp-json\/wp\/v2\/portfolio\/11807","targetHints":{"allow":["GET"]}}],"collection":[{"href":"https:\/\/lightenjin.pt\/en\/wp-json\/wp\/v2\/portfolio"}],"about":[{"href":"https:\/\/lightenjin.pt\/en\/wp-json\/wp\/v2\/types\/portfolio"}],"replies":[{"embeddable":true,"href":"https:\/\/lightenjin.pt\/en\/wp-json\/wp\/v2\/comments?post=11807"}],"version-history":[{"count":5,"href":"https:\/\/lightenjin.pt\/en\/wp-json\/wp\/v2\/portfolio\/11807\/revisions"}],"predecessor-version":[{"id":12095,"href":"https:\/\/lightenjin.pt\/en\/wp-json\/wp\/v2\/portfolio\/11807\/revisions\/12095"}],"wp:featuredmedia":[{"embeddable":true,"href":"https:\/\/lightenjin.pt\/en\/wp-json\/wp\/v2\/media\/11701"}],"wp:attachment":[{"href":"https:\/\/lightenjin.pt\/en\/wp-json\/wp\/v2\/media?parent=11807"}],"wp:term":[{"taxonomy":"portfolio_cat","embeddable":true,"href":"https:\/\/lightenjin.pt\/en\/wp-json\/wp\/v2\/portfolio_cat?post=11807"},{"taxonomy":"portfolio_skills","embeddable":true,"href":"https:\/\/lightenjin.pt\/en\/wp-json\/wp\/v2\/portfolio_skills?post=11807"}],"curies":[{"name":"wp","href":"https:\/\/api.w.org\/{rel}","templated":true}]}}