{"id":12163,"date":"2021-09-14T15:51:11","date_gmt":"2021-09-14T15:51:11","guid":{"rendered":"https:\/\/lightenjin.pt\/?post_type=portfolio&#038;p=12163"},"modified":"2023-07-24T16:01:52","modified_gmt":"2023-07-24T16:01:52","slug":"estacao-de-arroios","status":"publish","type":"portfolio","link":"https:\/\/lightenjin.pt\/es\/po_obras\/estacao-de-arroios\/","title":{"rendered":"Esta\u00e7\u00e3o de Arroios"},"content":{"rendered":"\t\t<div data-elementor-type=\"wp-post\" data-elementor-id=\"12163\" class=\"elementor elementor-12163\">\n\t\t\t\t<div class=\"elementor-element elementor-element-7c999d32 e-flex e-con-boxed e-con e-parent\" data-id=\"7c999d32\" data-element_type=\"container\" data-e-type=\"container\">\r\n\t\t\t\t\t<div class=\"e-con-inner\">\r\n\t\t\t\t<div class=\"elementor-element elementor-element-55ad822d elementor-widget elementor-widget-text-editor\" data-id=\"55ad822d\" data-element_type=\"widget\" data-e-type=\"widget\" data-widget_type=\"text-editor.default\">\n\t\t\t\t<div class=\"elementor-widget-container\">\n\t\t\t\t\t\t\t\t\t<p><span style=\"font-size: 13px;\">Galeria<\/span><\/p>\t\t\t\t\t\t\t\t<\/div>\n\t\t\t\t<\/div>\n\t\t\t\t<div class=\"elementor-element elementor-element-3c193f31 gallery-spacing-custom elementor-widget elementor-widget-image-gallery\" data-id=\"3c193f31\" data-element_type=\"widget\" data-e-type=\"widget\" data-widget_type=\"image-gallery.default\">\n\t\t\t\t<div class=\"elementor-widget-container\">\n\t\t\t\t\t\t\t<div class=\"elementor-image-gallery\">\n\t\t\t<div id='gallery-1' class='gallery galleryid-12163 gallery-columns-3 gallery-size-medium'><figure class='gallery-item'>\n\t\t\t<div class='gallery-icon landscape'>\n\t\t\t\t<a data-elementor-open-lightbox=\"yes\" data-elementor-lightbox-slideshow=\"3c193f31\" data-elementor-lightbox-title=\"amb_obra_metro-lx-arroios-05\" data-elementor-lightbox-description=\"Esta\u00e7\u00e3o de Arroios\" data-e-action-hash=\"#elementor-action%3Aaction%3Dlightbox%26settings%3DeyJpZCI6MjMwMjEsInVybCI6Imh0dHBzOlwvXC9saWdodGVuamluLnB0XC93cC1jb250ZW50XC91cGxvYWRzXC8yMDIzXC8wN1wvYW1iX29icmFfbWV0cm8tbHgtYXJyb2lvcy0wNS5qcGciLCJzbGlkZXNob3ciOiIzYzE5M2YzMSJ9\" href='https:\/\/lightenjin.pt\/wp-content\/uploads\/2023\/07\/amb_obra_metro-lx-arroios-05.jpg'><img fetchpriority=\"high\" width=\"300\" height=\"225\" src=\"https:\/\/lightenjin.pt\/wp-content\/uploads\/2023\/07\/amb_obra_metro-lx-arroios-05-300x225.jpg\" class=\"attachment-medium size-medium\" alt=\"Esta\u00e7\u00e3o de Arroios\" aria-describedby=\"gallery-1-23021\" decoding=\"async\" title=\"\"><\/a>\n\t\t\t<\/div>\n\t\t\t\t<figcaption class='wp-caption-text gallery-caption' id='gallery-1-23021'>\n\t\t\t\tEsta\u00e7\u00e3o de Arroios\n\t\t\t\t<\/figcaption><\/figure><figure class='gallery-item'>\n\t\t\t<div class='gallery-icon landscape'>\n\t\t\t\t<a data-elementor-open-lightbox=\"yes\" data-elementor-lightbox-slideshow=\"3c193f31\" data-elementor-lightbox-title=\"Esta\u00e7\u00e3o de Arroios - cais\" data-elementor-lightbox-description=\"Esta\u00e7\u00e3o de Arroios\" data-e-action-hash=\"#elementor-action%3Aaction%3Dlightbox%26settings%3DeyJpZCI6MTIxNzEsInVybCI6Imh0dHBzOlwvXC9saWdodGVuamluLnB0XC93cC1jb250ZW50XC91cGxvYWRzXC8yMDIzXC8wN1wvYW1iX29icmFfbWV0cm8tbHgtYXJyb2lvcy0wMi5qcGciLCJzbGlkZXNob3ciOiIzYzE5M2YzMSJ9\" href='https:\/\/lightenjin.pt\/wp-content\/uploads\/2023\/07\/amb_obra_metro-lx-arroios-02.jpg'><img width=\"300\" height=\"225\" src=\"https:\/\/lightenjin.pt\/wp-content\/uploads\/2023\/07\/amb_obra_metro-lx-arroios-02-300x225.jpg\" class=\"attachment-medium size-medium\" alt=\"Esta\u00e7\u00e3o de Arroios - cais\" decoding=\"async\" title=\"\"><\/a>\n\t\t\t<\/div><\/figure><figure class='gallery-item'>\n\t\t\t<div class='gallery-icon landscape'>\n\t\t\t\t<a data-elementor-open-lightbox=\"yes\" data-elementor-lightbox-slideshow=\"3c193f31\" data-elementor-lightbox-title=\"Esta\u00e7\u00e3o de Arroios - cais\" data-elementor-lightbox-description=\"Esta\u00e7\u00e3o de Arroios\" data-e-action-hash=\"#elementor-action%3Aaction%3Dlightbox%26settings%3DeyJpZCI6MTIxNzQsInVybCI6Imh0dHBzOlwvXC9saWdodGVuamluLnB0XC93cC1jb250ZW50XC91cGxvYWRzXC8yMDIzXC8wN1wvYW1iX29icmFfbWV0cm8tbHgtYXJyb2lvcy0wMy5qcGciLCJzbGlkZXNob3ciOiIzYzE5M2YzMSJ9\" href='https:\/\/lightenjin.pt\/wp-content\/uploads\/2023\/07\/amb_obra_metro-lx-arroios-03.jpg'><img width=\"300\" height=\"225\" src=\"https:\/\/lightenjin.pt\/wp-content\/uploads\/2023\/07\/amb_obra_metro-lx-arroios-03-300x225.jpg\" class=\"attachment-medium size-medium\" alt=\"Esta\u00e7\u00e3o de Arroios - cais\" decoding=\"async\" title=\"\"><\/a>\n\t\t\t<\/div><\/figure><figure class='gallery-item'>\n\t\t\t<div class='gallery-icon landscape'>\n\t\t\t\t<a data-elementor-open-lightbox=\"yes\" data-elementor-lightbox-slideshow=\"3c193f31\" data-elementor-lightbox-title=\"Esta\u00e7\u00e3o de Arroios - cais\" data-elementor-lightbox-description=\"Esta\u00e7\u00e3o de Arroios\" data-e-action-hash=\"#elementor-action%3Aaction%3Dlightbox%26settings%3DeyJpZCI6MTIxNzcsInVybCI6Imh0dHBzOlwvXC9saWdodGVuamluLnB0XC93cC1jb250ZW50XC91cGxvYWRzXC8yMDIzXC8wN1wvYW1iX29icmFfbWV0cm8tbHgtYXJyb2lvcy0wNC5qcGciLCJzbGlkZXNob3ciOiIzYzE5M2YzMSJ9\" href='https:\/\/lightenjin.pt\/wp-content\/uploads\/2023\/07\/amb_obra_metro-lx-arroios-04.jpg'><img loading=\"lazy\" width=\"300\" height=\"225\" src=\"https:\/\/lightenjin.pt\/wp-content\/uploads\/2023\/07\/amb_obra_metro-lx-arroios-04-300x225.jpg\" class=\"attachment-medium size-medium\" alt=\"Esta\u00e7\u00e3o de Arroios - cais\" decoding=\"async\" title=\"\"><\/a>\n\t\t\t<\/div><\/figure><figure class='gallery-item'>\n\t\t\t<div class='gallery-icon landscape'>\n\t\t\t\t<a data-elementor-open-lightbox=\"yes\" data-elementor-lightbox-slideshow=\"3c193f31\" data-elementor-lightbox-title=\"Esta\u00e7\u00e3o de Arroios - cais\" data-elementor-lightbox-description=\"Esta\u00e7\u00e3o de Arroios\" data-e-action-hash=\"#elementor-action%3Aaction%3Dlightbox%26settings%3DeyJpZCI6MTIxNjQsInVybCI6Imh0dHBzOlwvXC9saWdodGVuamluLnB0XC93cC1jb250ZW50XC91cGxvYWRzXC8yMDIzXC8wN1wvYW1iX29icmFfbWV0cm8tbHgtYXJyb2lvcy0wMS5qcGciLCJzbGlkZXNob3ciOiIzYzE5M2YzMSJ9\" href='https:\/\/lightenjin.pt\/wp-content\/uploads\/2023\/07\/amb_obra_metro-lx-arroios-01.jpg'><img loading=\"lazy\" width=\"300\" height=\"225\" src=\"https:\/\/lightenjin.pt\/wp-content\/uploads\/2023\/07\/amb_obra_metro-lx-arroios-01-300x225.jpg\" class=\"attachment-medium size-medium\" alt=\"Esta\u00e7\u00e3o de Arroios\" aria-describedby=\"gallery-1-12164\" decoding=\"async\" title=\"\"><\/a>\n\t\t\t<\/div>\n\t\t\t\t<figcaption class='wp-caption-text gallery-caption' id='gallery-1-12164'>\n\t\t\t\tEsta\u00e7\u00e3o de Arroios\n\t\t\t\t<\/figcaption><\/figure>\n\t\t<\/div>\n\t\t<\/div>\n\t\t\t\t\t\t<\/div>\n\t\t\t\t<\/div>\n\t\t\t\t\t<\/div>\n\t\t\t\t<\/div>\n\t\t<div class=\"elementor-element elementor-element-1be9491a e-flex e-con-boxed e-con e-parent\" data-id=\"1be9491a\" data-element_type=\"container\" data-e-type=\"container\">\r\n\t\t\t\t\t<div class=\"e-con-inner\">\r\n\t\t<div class=\"elementor-element elementor-element-182b55ff e-con-full e-flex e-con e-parent\" data-id=\"182b55ff\" data-element_type=\"container\" data-e-type=\"container\">\r\n\t\t\t\t<div class=\"elementor-element elementor-element-7d3bb25a elementor-widget elementor-widget-text-editor\" data-id=\"7d3bb25a\" data-element_type=\"widget\" data-e-type=\"widget\" data-widget_type=\"text-editor.default\">\n\t\t\t\t<div class=\"elementor-widget-container\">\n\t\t\t\t\t\t\t\t\t<p>A esta\u00e7\u00e3o de Arroios sofreu uma importante amplia\u00e7\u00e3o e remodela\u00e7\u00e3o, ambas exten- sivas ao respetivo cais. No processo incluiu-se a instala\u00e7\u00e3o de uma estrutura multifuncional suspensa, SUB de formato oval, que permite a integra\u00e7\u00e3o de lumin\u00e1rias, som, emerg\u00eancia, CCTV, sinal\u00e9tica e passagem de cabos. A par da eleg\u00e2ncia, robustez e efici\u00eancia do conjunto, salienta-se a sua f\u00e1cil instala\u00e7\u00e3o e posterior manuten\u00e7\u00e3o de todo o sistema, que inclui a ilumina\u00e7\u00e3o de tecnologia LED.<\/p><p style=\"padding-left: 40px;\">Metros de Calha: 210<br \/>Quantidade de Lumin\u00e1rias: 122<br \/>Pot\u00eancia m\u00e9dia\/lumin\u00e1ria: 30 W<br \/>Efic\u00e1cia m\u00e9dia do Sistema: 120 lm\/W<br \/>Horas Funcionamento\/dia: 24 h<br \/>Consumo de energia\/lumin\u00e1ria: 263 kWh\/ano<\/p><p>Neste link poder\u00e1 ver mais informa\u00e7\u00e3o sobre esta obra:\u00a0<br \/><a href=\"https:\/\/www.metrolisboa.pt\/institucional\/2021\/09\/14\/estacao-arroios-reabre-ao-publico-apos-obras-de-ampliacao-e-remodelacao\/\" target=\"_blank\" rel=\"noopener noreferrer nofollow\">https:\/\/www.metrolisboa.pt\/not\u00edcia<\/a><\/p><hr \/><p><strong>Produtos Instalados: <br \/><\/strong><a href=\"https:\/\/lightenjin.pt\/pdfs\/folheto-sub-pt-final.pdf\" target=\"_blank\" rel=\"noopener\"><b>SUB<\/b><\/a><\/p>\t\t\t\t\t\t\t\t<\/div>\n\t\t\t\t<\/div>\n\t\t\t\t<\/div>\n\t\t<div class=\"elementor-element elementor-element-4a0e5a87 e-con-full e-flex e-con e-parent\" data-id=\"4a0e5a87\" data-element_type=\"container\" data-e-type=\"container\">\r\n\t\t\t\t<div class=\"elementor-element elementor-element-7ac0a37d elementor-widget elementor-widget-image\" data-id=\"7ac0a37d\" data-element_type=\"widget\" data-e-type=\"widget\" data-widget_type=\"image.default\">\n\t\t\t\t<div class=\"elementor-widget-container\">\n\t\t\t\t\t\t\t\t\t\t\t\t<figure class=\"wp-caption\">\n\t\t\t\t\t\t\t\t\t\t\t<a href=\"https:\/\/lightenjin.pt\/pdfs\/folheto-sub-pt-final.pdf\">\n\t\t\t\t\t\t\t<img loading=\"lazy\" decoding=\"async\" width=\"150\" height=\"150\" src=\"https:\/\/lightenjin.pt\/wp-content\/uploads\/2021\/09\/sub-01-150x150.jpg\" class=\"attachment-thumbnail size-thumbnail wp-image-23140\" alt=\"\" title=\"\">\t\t\t\t\t\t\t\t<\/a>\n\t\t\t\t\t\t\t\t\t\t\t<figcaption class=\"widget-image-caption wp-caption-text\">SUB<\/figcaption>\n\t\t\t\t\t\t\t\t\t\t<\/figure>\n\t\t\t\t\t\t\t\t\t<\/div>\n\t\t\t\t<\/div>\n\t\t\t\t<\/div>\n\t\t\t\t\t<\/div>\n\t\t\t\t<\/div>\n\t\t\t\t<\/div>\n\t\t","protected":false},"excerpt":{"rendered":"<p>Galeria Esta\u00e7\u00e3o de Arroios A esta\u00e7\u00e3o de Arroios sofreu uma importante amplia\u00e7\u00e3o e remodela\u00e7\u00e3o, ambas exten- sivas ao respetivo cais. No processo incluiu-se a instala\u00e7\u00e3o de uma estrutura multifuncional suspensa, SUB de formato oval, que permite a integra\u00e7\u00e3o de lumin\u00e1rias, som, emerg\u00eancia, CCTV, sinal\u00e9tica e passagem de cabos. A par da eleg\u00e2ncia, robustez e efici\u00eancia [&hellip;]<\/p>\n","protected":false},"featured_media":12164,"comment_status":"closed","ping_status":"closed","template":"","meta":{"footnotes":""},"portfolio_cat":[453],"portfolio_skills":[455],"class_list":["post-12163","portfolio","type-portfolio","status-publish","has-post-thumbnail","hentry","portfolio_cat-transportes","portfolio_skills-metro"],"_links":{"self":[{"href":"https:\/\/lightenjin.pt\/es\/wp-json\/wp\/v2\/portfolio\/12163","targetHints":{"allow":["GET"]}}],"collection":[{"href":"https:\/\/lightenjin.pt\/es\/wp-json\/wp\/v2\/portfolio"}],"about":[{"href":"https:\/\/lightenjin.pt\/es\/wp-json\/wp\/v2\/types\/portfolio"}],"replies":[{"embeddable":true,"href":"https:\/\/lightenjin.pt\/es\/wp-json\/wp\/v2\/comments?post=12163"}],"version-history":[{"count":4,"href":"https:\/\/lightenjin.pt\/es\/wp-json\/wp\/v2\/portfolio\/12163\/revisions"}],"predecessor-version":[{"id":12185,"href":"https:\/\/lightenjin.pt\/es\/wp-json\/wp\/v2\/portfolio\/12163\/revisions\/12185"}],"wp:featuredmedia":[{"embeddable":true,"href":"https:\/\/lightenjin.pt\/es\/wp-json\/wp\/v2\/media\/12164"}],"wp:attachment":[{"href":"https:\/\/lightenjin.pt\/es\/wp-json\/wp\/v2\/media?parent=12163"}],"wp:term":[{"taxonomy":"portfolio_cat","embeddable":true,"href":"https:\/\/lightenjin.pt\/es\/wp-json\/wp\/v2\/portfolio_cat?post=12163"},{"taxonomy":"portfolio_skills","embeddable":true,"href":"https:\/\/lightenjin.pt\/es\/wp-json\/wp\/v2\/portfolio_skills?post=12163"}],"curies":[{"name":"wp","href":"https:\/\/api.w.org\/{rel}","templated":true}]}}