{"id":12465,"date":"2019-06-20T16:35:13","date_gmt":"2019-06-20T16:35:13","guid":{"rendered":"https:\/\/lightenjin.pt\/?post_type=portfolio&#038;p=12465"},"modified":"2024-03-12T12:07:09","modified_gmt":"2024-03-12T12:07:09","slug":"tunel-madeira","status":"publish","type":"portfolio","link":"https:\/\/lightenjin.pt\/es\/po_obras\/tunel-madeira\/","title":{"rendered":"Via Expresso, T\u00fanel da Ponta do Pargo"},"content":{"rendered":"\t\t<div data-elementor-type=\"wp-post\" data-elementor-id=\"12465\" class=\"elementor elementor-12465\">\n\t\t\t\t<div class=\"elementor-element elementor-element-35ea2c98 e-flex e-con-boxed e-con e-parent\" data-id=\"35ea2c98\" data-element_type=\"container\" data-e-type=\"container\">\r\n\t\t\t\t\t<div class=\"e-con-inner\">\r\n\t\t\t\t<div class=\"elementor-element elementor-element-3709b86d elementor-widget elementor-widget-text-editor\" data-id=\"3709b86d\" data-element_type=\"widget\" data-e-type=\"widget\" data-widget_type=\"text-editor.default\">\n\t\t\t\t<div class=\"elementor-widget-container\">\n\t\t\t\t\t\t\t\t\t<p><span style=\"font-size: 13px;\">Galeria<\/span><\/p>\t\t\t\t\t\t\t\t<\/div>\n\t\t\t\t<\/div>\n\t\t\t\t<div class=\"elementor-element elementor-element-5bbd2b32 gallery-spacing-custom elementor-widget elementor-widget-image-gallery\" data-id=\"5bbd2b32\" data-element_type=\"widget\" data-e-type=\"widget\" data-widget_type=\"image-gallery.default\">\n\t\t\t\t<div class=\"elementor-widget-container\">\n\t\t\t\t\t\t\t<div class=\"elementor-image-gallery\">\n\t\t\t<div id='gallery-1' class='gallery galleryid-12465 gallery-columns-3 gallery-size-medium'><figure class='gallery-item'>\n\t\t\t<div class='gallery-icon landscape'>\n\t\t\t\t<a data-elementor-open-lightbox=\"yes\" data-elementor-lightbox-slideshow=\"5bbd2b32\" data-elementor-lightbox-title=\"tunel_madeira-02\" data-e-action-hash=\"#elementor-action%3Aaction%3Dlightbox%26settings%3DeyJpZCI6MTI0NzMsInVybCI6Imh0dHBzOlwvXC9saWdodGVuamluLnB0XC93cC1jb250ZW50XC91cGxvYWRzXC8yMDE5XC8wNlwvdHVuZWxfbWFkZWlyYS0wMi5qcGciLCJzbGlkZXNob3ciOiI1YmJkMmIzMiJ9\" href='https:\/\/lightenjin.pt\/wp-content\/uploads\/2019\/06\/tunel_madeira-02.jpg'><img fetchpriority=\"high\" width=\"300\" height=\"225\" src=\"https:\/\/lightenjin.pt\/wp-content\/uploads\/2019\/06\/tunel_madeira-02-300x225.jpg\" class=\"attachment-medium size-medium\" alt=\"\" decoding=\"async\" title=\"\"><\/a>\n\t\t\t<\/div><\/figure><figure class='gallery-item'>\n\t\t\t<div class='gallery-icon landscape'>\n\t\t\t\t<a data-elementor-open-lightbox=\"yes\" data-elementor-lightbox-slideshow=\"5bbd2b32\" data-elementor-lightbox-title=\"tunel_madeira-03\" data-e-action-hash=\"#elementor-action%3Aaction%3Dlightbox%26settings%3DeyJpZCI6MTI0NzYsInVybCI6Imh0dHBzOlwvXC9saWdodGVuamluLnB0XC93cC1jb250ZW50XC91cGxvYWRzXC8yMDE5XC8wNlwvdHVuZWxfbWFkZWlyYS0wMy5qcGciLCJzbGlkZXNob3ciOiI1YmJkMmIzMiJ9\" href='https:\/\/lightenjin.pt\/wp-content\/uploads\/2019\/06\/tunel_madeira-03.jpg'><img width=\"300\" height=\"225\" src=\"https:\/\/lightenjin.pt\/wp-content\/uploads\/2019\/06\/tunel_madeira-03-300x225.jpg\" class=\"attachment-medium size-medium\" alt=\"\" decoding=\"async\" title=\"\"><\/a>\n\t\t\t<\/div><\/figure><figure class='gallery-item'>\n\t\t\t<div class='gallery-icon landscape'>\n\t\t\t\t<a data-elementor-open-lightbox=\"yes\" data-elementor-lightbox-slideshow=\"5bbd2b32\" data-elementor-lightbox-title=\"tunel_madeira-01\" data-e-action-hash=\"#elementor-action%3Aaction%3Dlightbox%26settings%3DeyJpZCI6MTI0NjYsInVybCI6Imh0dHBzOlwvXC9saWdodGVuamluLnB0XC93cC1jb250ZW50XC91cGxvYWRzXC8yMDIzXC8wOFwvdHVuZWxfbWFkZWlyYS0wMS5qcGciLCJzbGlkZXNob3ciOiI1YmJkMmIzMiJ9\" data-elementor-lightbox-description=\"T\u00fanel Madeira\" href='https:\/\/lightenjin.pt\/wp-content\/uploads\/2023\/08\/tunel_madeira-01.jpg'><img width=\"300\" height=\"225\" src=\"https:\/\/lightenjin.pt\/wp-content\/uploads\/2023\/08\/tunel_madeira-01-300x225.jpg\" class=\"attachment-medium size-medium\" alt=\"T\u00fanel Madeira\" decoding=\"async\" title=\"\"><\/a>\n\t\t\t<\/div><\/figure>\n\t\t<\/div>\n\t\t<\/div>\n\t\t\t\t\t\t<\/div>\n\t\t\t\t<\/div>\n\t\t\t\t\t<\/div>\n\t\t\t\t<\/div>\n\t\t<div class=\"elementor-element elementor-element-55baa640 e-flex e-con-boxed e-con e-parent\" data-id=\"55baa640\" data-element_type=\"container\" data-e-type=\"container\">\r\n\t\t\t\t\t<div class=\"e-con-inner\">\r\n\t\t<div class=\"elementor-element elementor-element-6799fa7c e-con-full e-flex e-con e-parent\" data-id=\"6799fa7c\" data-element_type=\"container\" data-e-type=\"container\">\r\n\t\t\t\t<div class=\"elementor-element elementor-element-23a408ec elementor-widget elementor-widget-text-editor\" data-id=\"23a408ec\" data-element_type=\"widget\" data-e-type=\"widget\" data-widget_type=\"text-editor.default\">\n\t\t\t\t<div class=\"elementor-widget-container\">\n\t\t\t\t\t\t\t\t\t<p>O relevo montanhoso e acidentado da ilha da Madeira sempre foi um grande obst\u00e1culo \u00e0 mobilidade da popula\u00e7\u00e3o. A constru\u00e7\u00e3o da Via Expresso (VE) est\u00e1 atualmente distribu\u00edda por 4 Itiner\u00e1rios: VE1, VE2, VE3 e VE4. Estes itiner\u00e1rios vieram oferecer \u00e0 popula\u00e7\u00e3o da ilha da Madeira e seus visitantes mais mobilidade e acima de tudo mais seguran\u00e7a rodovi\u00e1ria.<\/p><p>A Lightenjin orgulha-se de ter contribu\u00eddo para aumentar a seguran\u00e7a rodovi\u00e1ria com o fornecimento de lumin\u00e1rias LED para t\u00faneis e n\u00f3s de acesso. Na Via Expresso a obra do t\u00fanel da Ponta do Pargo \u00e9 um exemplo da aplica\u00e7\u00e3o do produto\u00a0<a href=\"https:\/\/web.archive.org\/web\/20221130163915\/https:\/\/lightenjin.pt\/produto\/tunluce\">TUNLUCE<\/a>, desenvolvido para as especificidades de aplica\u00e7\u00e3o em t\u00fanel.<\/p><p>Neste link poder\u00e1 ver mais informa\u00e7\u00e3o sobre esta obra:\u00a0<br \/><a href=\"https:\/\/www.madeira.gov.pt\/drestradas\/Estrutura\/Obras\/ctl\/Read\/mid\/4143\/InformacaoId\/150866\/UnidadeOrganicaId\/22\/CatalogoId\/0\" target=\"_blank\" rel=\"noopener noreferrer nofollow\">https:\/\/www.madeira.gov.pt\/drestradas\/<\/a><\/p><hr \/><p><strong>Produtos Instalados: <br \/><\/strong><strong><a href=\"https:\/\/web.archive.org\/web\/20221130163915\/https:\/\/lightenjin.pt\/produto\/tunluce\">TUNLUCE,<\/a> <a href=\"https:\/\/lightenjin.pt\/produto\/via-ik09\/\">VIA<\/a><\/strong><\/p>\t\t\t\t\t\t\t\t<\/div>\n\t\t\t\t<\/div>\n\t\t\t\t<\/div>\n\t\t<div class=\"elementor-element elementor-element-1216b852 e-con-full e-flex e-con e-parent\" data-id=\"1216b852\" data-element_type=\"container\" data-e-type=\"container\">\r\n\t\t\t\t<div class=\"elementor-element elementor-element-2e2f8424 elementor-widget elementor-widget-image\" data-id=\"2e2f8424\" data-element_type=\"widget\" data-e-type=\"widget\" data-widget_type=\"image.default\">\n\t\t\t\t<div class=\"elementor-widget-container\">\n\t\t\t\t\t\t\t\t\t\t\t\t<figure class=\"wp-caption\">\n\t\t\t\t\t\t\t\t\t\t\t<a href=\"https:\/\/lightenjin.pt\/produto\/tunluce\/\">\n\t\t\t\t\t\t\t<img loading=\"lazy\" decoding=\"async\" width=\"150\" height=\"150\" src=\"https:\/\/lightenjin.pt\/wp-content\/uploads\/2023\/06\/tunluce-01-150x150.jpg\" class=\"attachment-thumbnail size-thumbnail wp-image-9529\" alt=\"TUNLUCE\" title=\"\">\t\t\t\t\t\t\t\t<\/a>\n\t\t\t\t\t\t\t\t\t\t\t<figcaption class=\"widget-image-caption wp-caption-text\">TUNLUCE<\/figcaption>\n\t\t\t\t\t\t\t\t\t\t<\/figure>\n\t\t\t\t\t\t\t\t\t<\/div>\n\t\t\t\t<\/div>\n\t\t\t\t<div class=\"elementor-element elementor-element-547d6f82 elementor-widget elementor-widget-image\" data-id=\"547d6f82\" data-element_type=\"widget\" data-e-type=\"widget\" data-widget_type=\"image.default\">\n\t\t\t\t<div class=\"elementor-widget-container\">\n\t\t\t\t\t\t\t\t\t\t\t\t<figure class=\"wp-caption\">\n\t\t\t\t\t\t\t\t\t\t\t<a href=\"https:\/\/lightenjin.pt\/produto\/via-ik09\/\">\n\t\t\t\t\t\t\t<img loading=\"lazy\" decoding=\"async\" width=\"150\" height=\"150\" src=\"https:\/\/lightenjin.pt\/wp-content\/uploads\/2023\/06\/via_render-2-d4i-150x150.jpg\" class=\"attachment-thumbnail size-thumbnail wp-image-9363\" alt=\"lumin\u00e1ria via gesluce\" title=\"\">\t\t\t\t\t\t\t\t<\/a>\n\t\t\t\t\t\t\t\t\t\t\t<figcaption class=\"widget-image-caption wp-caption-text\">VIA<\/figcaption>\n\t\t\t\t\t\t\t\t\t\t<\/figure>\n\t\t\t\t\t\t\t\t\t<\/div>\n\t\t\t\t<\/div>\n\t\t\t\t<\/div>\n\t\t<div class=\"elementor-element elementor-element-61fe3d8 e-con-full e-flex e-con e-parent\" data-id=\"61fe3d8\" data-element_type=\"container\" data-e-type=\"container\">\r\n\t\t\t\t<div class=\"elementor-element elementor-element-1e1ca686 elementor-widget elementor-widget-text-editor\" data-id=\"1e1ca686\" data-element_type=\"widget\" data-e-type=\"widget\" data-widget_type=\"text-editor.default\">\n\t\t\t\t<div class=\"elementor-widget-container\">\n\t\t\t\t\t\t\t\t\t<hr \/><p>Veja o filme \u2013 <a href=\"https:\/\/www.youtube.com\/watch?v=W8Ry2hCcVK8\" target=\"_blank\" rel=\"noopener noreferrer nofollow\">link<\/a> \u21b4<\/p>\t\t\t\t\t\t\t\t<\/div>\n\t\t\t\t<\/div>\n\t\t\t\t<div class=\"elementor-element elementor-element-769422ca elementor-widget elementor-widget-video\" data-id=\"769422ca\" data-element_type=\"widget\" data-e-type=\"widget\" data-settings=\"{&quot;youtube_url&quot;:&quot;https:\\\/\\\/www.youtube.com\\\/watch?v=W8Ry2hCcVK8&quot;,&quot;yt_privacy&quot;:&quot;yes&quot;,&quot;lazy_load&quot;:&quot;yes&quot;,&quot;video_type&quot;:&quot;youtube&quot;,&quot;controls&quot;:&quot;yes&quot;}\" data-widget_type=\"video.default\">\n\t\t\t\t<div class=\"elementor-widget-container\">\n\t\t\t\t\t\t\t<div class=\"elementor-wrapper elementor-open-inline\">\n\t\t\t<div class=\"elementor-video\"><\/div>\t\t<\/div>\n\t\t\t\t\t\t<\/div>\n\t\t\t\t<\/div>\n\t\t\t\t<\/div>\n\t\t\t\t\t<\/div>\n\t\t\t\t<\/div>\n\t\t\t\t<\/div>\n\t\t","protected":false},"excerpt":{"rendered":"<p>Galeria O relevo montanhoso e acidentado da ilha da Madeira sempre foi um grande obst\u00e1culo \u00e0 mobilidade da popula\u00e7\u00e3o. A constru\u00e7\u00e3o da Via Expresso (VE) est\u00e1 atualmente distribu\u00edda por 4 Itiner\u00e1rios: VE1, VE2, VE3 e VE4. Estes itiner\u00e1rios vieram oferecer \u00e0 popula\u00e7\u00e3o da ilha da Madeira e seus visitantes mais mobilidade e acima de tudo [&hellip;]<\/p>\n","protected":false},"featured_media":12466,"comment_status":"closed","ping_status":"closed","template":"","meta":{"footnotes":""},"portfolio_cat":[454,453],"portfolio_skills":[481,541],"class_list":["post-12465","portfolio","type-portfolio","status-publish","has-post-thumbnail","hentry","portfolio_cat-exterior","portfolio_cat-transportes","portfolio_skills-estradas","portfolio_skills-tuneis"],"_links":{"self":[{"href":"https:\/\/lightenjin.pt\/es\/wp-json\/wp\/v2\/portfolio\/12465","targetHints":{"allow":["GET"]}}],"collection":[{"href":"https:\/\/lightenjin.pt\/es\/wp-json\/wp\/v2\/portfolio"}],"about":[{"href":"https:\/\/lightenjin.pt\/es\/wp-json\/wp\/v2\/types\/portfolio"}],"replies":[{"embeddable":true,"href":"https:\/\/lightenjin.pt\/es\/wp-json\/wp\/v2\/comments?post=12465"}],"version-history":[{"count":5,"href":"https:\/\/lightenjin.pt\/es\/wp-json\/wp\/v2\/portfolio\/12465\/revisions"}],"predecessor-version":[{"id":12483,"href":"https:\/\/lightenjin.pt\/es\/wp-json\/wp\/v2\/portfolio\/12465\/revisions\/12483"}],"wp:featuredmedia":[{"embeddable":true,"href":"https:\/\/lightenjin.pt\/es\/wp-json\/wp\/v2\/media\/12466"}],"wp:attachment":[{"href":"https:\/\/lightenjin.pt\/es\/wp-json\/wp\/v2\/media?parent=12465"}],"wp:term":[{"taxonomy":"portfolio_cat","embeddable":true,"href":"https:\/\/lightenjin.pt\/es\/wp-json\/wp\/v2\/portfolio_cat?post=12465"},{"taxonomy":"portfolio_skills","embeddable":true,"href":"https:\/\/lightenjin.pt\/es\/wp-json\/wp\/v2\/portfolio_skills?post=12465"}],"curies":[{"name":"wp","href":"https:\/\/api.w.org\/{rel}","templated":true}]}}