{"id":23658,"date":"2023-11-17T11:00:53","date_gmt":"2023-11-17T11:00:53","guid":{"rendered":"https:\/\/lightenjin.pt\/po_obras\/tunel-peatonal-vce-guarda\/"},"modified":"2025-02-11T15:54:32","modified_gmt":"2025-02-11T15:54:32","slug":"tunel-peatonal-vce-guarda","status":"publish","type":"portfolio","link":"https:\/\/lightenjin.pt\/es\/po_obras\/tunel-peatonal-vce-guarda\/","title":{"rendered":"T\u00fanel peatonal VCE"},"content":{"rendered":"\t\t<div data-elementor-type=\"wp-post\" data-elementor-id=\"23658\" class=\"elementor elementor-23658 elementor-13150\">\n\t\t\t\t<div class=\"elementor-element elementor-element-69cf7bdd e-flex e-con-boxed e-con e-parent\" data-id=\"69cf7bdd\" data-element_type=\"container\" data-e-type=\"container\">\r\n\t\t\t\t\t<div class=\"e-con-inner\">\r\n\t\t<div class=\"elementor-element elementor-element-cb0d61e e-con-full e-flex e-con e-child\" data-id=\"cb0d61e\" data-element_type=\"container\" data-e-type=\"container\">\r\n\t\t\t\t<div class=\"elementor-element elementor-element-6901bd9e elementor-widget elementor-widget-text-editor\" data-id=\"6901bd9e\" data-element_type=\"widget\" data-e-type=\"widget\" data-widget_type=\"text-editor.default\">\n\t\t\t\t<div class=\"elementor-widget-container\">\n\t\t\t\t\t\t\t\t\t<p><a href=\"https:\/\/lightenjin.pt\/es\/\"><strong><span style=\"text-decoration: underline;\">Lightenjin<\/span><\/strong><\/a> y <a href=\"https:\/\/globaltronic.com.sg\/\" target=\"_blank\" rel=\"noopener noreferrer nofollow\"><strong><span style=\"text-decoration: underline;\">Globaltronic<\/span><\/strong><\/a> han instalado luminarias <a href=\"https:\/\/lightenjin.pt\/es\/producto\/tunluce\/\"><span style=\"text-decoration: underline;\">Tunluce<\/span><\/a> con <span style=\"text-decoration: underline;\"><a href=\"https:\/\/globaltronic.pt\/en\/product\/solar-led-driver-2\/\" target=\"_blank\" rel=\"noopener noreferrer nofollow\">Sistemas Solares Aut\u00f3nomos<\/a><\/span> en el circuito peatonal VCE de Guarda, haciendo posible la instalaci\u00f3n de alumbrado en una v\u00eda sin acceso a la red el\u00e9ctrica.<\/p>\n<p>Una soluci\u00f3n eficiente y sostenible con un dise\u00f1o sencillo adaptado a las condiciones de la calle para favorecer una mayor seguridad de los usuarios.<br \/>Haga como el Ayuntamiento de Guarda y apueste por soluciones eficientes y aut\u00f3nomas para promover la seguridad y la movilidad de sus usuarios.<\/p>\n<hr>\n<p><strong>Productos Instalados:<br \/><\/strong><strong><a href=\"https:\/\/lightenjin.pt\/es\/producto\/tunluce\/\">TUNLUCE<\/a><\/strong><\/p>\n\t\t\t\t\t\t\t\t<\/div>\n\t\t\t\t<\/div>\n\t\t\t\t<\/div>\n\t\t<div class=\"elementor-element elementor-element-735f54f2 e-con-full e-flex e-con e-child\" data-id=\"735f54f2\" data-element_type=\"container\" data-e-type=\"container\">\r\n\t\t\t\t<div class=\"elementor-element elementor-element-461d1f56 elementor-widget elementor-widget-image\" data-id=\"461d1f56\" data-element_type=\"widget\" data-e-type=\"widget\" data-widget_type=\"image.default\">\n\t\t\t\t<div class=\"elementor-widget-container\">\n\t\t\t\t\t\t\t\t\t\t\t\t<figure class=\"wp-caption\">\n\t\t\t\t\t\t\t\t\t\t\t<a href=\"https:\/\/lightenjin.pt\/es\/producto\/tunluce\/\">\n\t\t\t\t\t\t\t<img decoding=\"async\" width=\"150\" height=\"150\" src=\"https:\/\/lightenjin.pt\/wp-content\/uploads\/2023\/06\/Tunluce-euluce-150x150.png\" class=\"attachment-thumbnail size-thumbnail wp-image-19693\" alt=\"\" title=\"\">\t\t\t\t\t\t\t\t<\/a>\n\t\t\t\t\t\t\t\t\t\t\t<figcaption class=\"widget-image-caption wp-caption-text\"><\/figcaption>\n\t\t\t\t\t\t\t\t\t\t<\/figure>\n\t\t\t\t\t\t\t\t\t<\/div>\n\t\t\t\t<\/div>\n\t\t\t\t<\/div>\n\t\t\t\t\t<\/div>\n\t\t\t\t<\/div>\n\t\t\t\t<\/div>\n\t\t","protected":false},"excerpt":{"rendered":"<p>Lightenjin y Globaltronic han instalado luminarias Tunluce con Sistemas Solares Aut\u00f3nomos en el circuito peatonal VCE de Guarda, haciendo posible la instalaci\u00f3n de alumbrado en una v\u00eda sin acceso a la red el\u00e9ctrica. Una soluci\u00f3n eficiente y sostenible con un dise\u00f1o sencillo adaptado a las condiciones de la calle para favorecer una mayor seguridad de [&hellip;]<\/p>\n","protected":false},"featured_media":23659,"comment_status":"closed","ping_status":"closed","template":"","meta":{"footnotes":""},"portfolio_cat":[837],"portfolio_skills":[842],"class_list":["post-23658","portfolio","type-portfolio","status-publish","has-post-thumbnail","hentry","portfolio_cat-transportes-es","portfolio_skills-carreteras"],"_links":{"self":[{"href":"https:\/\/lightenjin.pt\/es\/wp-json\/wp\/v2\/portfolio\/23658","targetHints":{"allow":["GET"]}}],"collection":[{"href":"https:\/\/lightenjin.pt\/es\/wp-json\/wp\/v2\/portfolio"}],"about":[{"href":"https:\/\/lightenjin.pt\/es\/wp-json\/wp\/v2\/types\/portfolio"}],"replies":[{"embeddable":true,"href":"https:\/\/lightenjin.pt\/es\/wp-json\/wp\/v2\/comments?post=23658"}],"version-history":[{"count":1,"href":"https:\/\/lightenjin.pt\/es\/wp-json\/wp\/v2\/portfolio\/23658\/revisions"}],"predecessor-version":[{"id":23660,"href":"https:\/\/lightenjin.pt\/es\/wp-json\/wp\/v2\/portfolio\/23658\/revisions\/23660"}],"wp:featuredmedia":[{"embeddable":true,"href":"https:\/\/lightenjin.pt\/es\/wp-json\/wp\/v2\/media\/23659"}],"wp:attachment":[{"href":"https:\/\/lightenjin.pt\/es\/wp-json\/wp\/v2\/media?parent=23658"}],"wp:term":[{"taxonomy":"portfolio_cat","embeddable":true,"href":"https:\/\/lightenjin.pt\/es\/wp-json\/wp\/v2\/portfolio_cat?post=23658"},{"taxonomy":"portfolio_skills","embeddable":true,"href":"https:\/\/lightenjin.pt\/es\/wp-json\/wp\/v2\/portfolio_skills?post=23658"}],"curies":[{"name":"wp","href":"https:\/\/api.w.org\/{rel}","templated":true}]}}