{"id":23889,"date":"2022-02-02T08:59:44","date_gmt":"2022-02-02T08:59:44","guid":{"rendered":"https:\/\/lightenjin.pt\/po_obras\/polo-intermodal-hospital-sao-joao\/"},"modified":"2025-02-11T18:34:02","modified_gmt":"2025-02-11T18:34:02","slug":"polo-intermodal-hospital-sao-joao","status":"publish","type":"portfolio","link":"https:\/\/lightenjin.pt\/es\/po_obras\/polo-intermodal-hospital-sao-joao\/","title":{"rendered":"P\u00f3lo Intermodal del Hospital S\u00e3o Jo\u00e3o"},"content":{"rendered":"\t\t<div data-elementor-type=\"wp-post\" data-elementor-id=\"23889\" class=\"elementor elementor-23889 elementor-11699\">\n\t\t\t\t<div class=\"elementor-element elementor-element-eee9d80 e-flex e-con-boxed e-con e-parent\" data-id=\"eee9d80\" data-element_type=\"container\" data-e-type=\"container\">\r\n\t\t\t\t\t<div class=\"e-con-inner\">\r\n\t\t\t\t<div class=\"elementor-element elementor-element-561e04e elementor-widget elementor-widget-text-editor\" data-id=\"561e04e\" data-element_type=\"widget\" data-e-type=\"widget\" data-widget_type=\"text-editor.default\">\n\t\t\t\t<div class=\"elementor-widget-container\">\n\t\t\t\t\t\t\t\t\t<p><span style=\"font-size: 13px;\">Galer\u00eda<\/span><\/p>\n\t\t\t\t\t\t\t\t<\/div>\n\t\t\t\t<\/div>\n\t\t\t\t<div class=\"elementor-element elementor-element-45a15a60 gallery-spacing-custom elementor-widget elementor-widget-image-gallery\" data-id=\"45a15a60\" data-element_type=\"widget\" data-e-type=\"widget\" data-widget_type=\"image-gallery.default\">\n\t\t\t\t<div class=\"elementor-widget-container\">\n\t\t\t\t\t\t\t<div class=\"elementor-image-gallery\">\n\t\t\t<div id='gallery-1' class='gallery galleryid-23889 gallery-columns-3 gallery-size-medium'><figure class='gallery-item'>\n\t\t\t<div class='gallery-icon landscape'>\n\t\t\t\t<a data-elementor-open-lightbox=\"yes\" data-elementor-lightbox-slideshow=\"45a15a60\" data-elementor-lightbox-title=\"euluce-metro-porto-s\u00e3o-jo\u00e3o-01\" data-elementor-lightbox-description=\"P\u00f3lo Intermodal do Hospital S\u00e3o Jo\u00e3o\" data-e-action-hash=\"#elementor-action%3Aaction%3Dlightbox%26settings%3DeyJpZCI6MjM4MjQsInVybCI6Imh0dHBzOlwvXC9saWdodGVuamluLnB0XC93cC1jb250ZW50XC91cGxvYWRzXC8yMDIzXC8wN1wvZXVsdWNlLW1ldHJvLXBvcnRvLXNhby1qb2FvLTAxLmpwZyIsInNsaWRlc2hvdyI6IjQ1YTE1YTYwIn0%3D\" href='https:\/\/lightenjin.pt\/wp-content\/uploads\/2023\/07\/euluce-metro-porto-sao-joao-01.jpg'><img fetchpriority=\"high\" width=\"300\" height=\"225\" src=\"https:\/\/lightenjin.pt\/wp-content\/uploads\/2023\/07\/euluce-metro-porto-sao-joao-01-300x225.jpg\" class=\"attachment-medium size-medium\" alt=\"P\u00f3lo Intermodal do Hospital S\u00e3o Jo\u00e3o\" decoding=\"async\" title=\"\"><\/a>\n\t\t\t<\/div><\/figure><figure class='gallery-item'>\n\t\t\t<div class='gallery-icon landscape'>\n\t\t\t\t<a data-elementor-open-lightbox=\"yes\" data-elementor-lightbox-slideshow=\"45a15a60\" data-elementor-lightbox-title=\"euluce-metro-porto-s\u00e3o-jo\u00e3o-02\" data-elementor-lightbox-description=\"P\u00f3lo Intermodal do Hospital S\u00e3o Jo\u00e3o\" data-e-action-hash=\"#elementor-action%3Aaction%3Dlightbox%26settings%3DeyJpZCI6MjM4MjIsInVybCI6Imh0dHBzOlwvXC9saWdodGVuamluLnB0XC93cC1jb250ZW50XC91cGxvYWRzXC8yMDIzXC8wN1wvZXVsdWNlLW1ldHJvLXBvcnRvLXNhby1qb2FvLTAyLmpwZyIsInNsaWRlc2hvdyI6IjQ1YTE1YTYwIn0%3D\" href='https:\/\/lightenjin.pt\/wp-content\/uploads\/2023\/07\/euluce-metro-porto-sao-joao-02.jpg'><img width=\"300\" height=\"225\" src=\"https:\/\/lightenjin.pt\/wp-content\/uploads\/2023\/07\/euluce-metro-porto-sao-joao-02-300x225.jpg\" class=\"attachment-medium size-medium\" alt=\"\" decoding=\"async\" title=\"\"><\/a>\n\t\t\t<\/div><\/figure><figure class='gallery-item'>\n\t\t\t<div class='gallery-icon landscape'>\n\t\t\t\t<a data-elementor-open-lightbox=\"yes\" data-elementor-lightbox-slideshow=\"45a15a60\" data-elementor-lightbox-title=\"euluce-metro-porto-s\u00e3o-jo\u00e3o-03\" data-elementor-lightbox-description=\"P\u00f3lo Intermodal do Hospital S\u00e3o Jo\u00e3o\" data-e-action-hash=\"#elementor-action%3Aaction%3Dlightbox%26settings%3DeyJpZCI6MjM4MjMsInVybCI6Imh0dHBzOlwvXC9saWdodGVuamluLnB0XC93cC1jb250ZW50XC91cGxvYWRzXC8yMDIzXC8wN1wvZXVsdWNlLW1ldHJvLXBvcnRvLXNhby1qb2FvLTAzLmpwZyIsInNsaWRlc2hvdyI6IjQ1YTE1YTYwIn0%3D\" href='https:\/\/lightenjin.pt\/wp-content\/uploads\/2023\/07\/euluce-metro-porto-sao-joao-03.jpg'><img width=\"300\" height=\"225\" src=\"https:\/\/lightenjin.pt\/wp-content\/uploads\/2023\/07\/euluce-metro-porto-sao-joao-03-300x225.jpg\" class=\"attachment-medium size-medium\" alt=\"\" decoding=\"async\" title=\"\"><\/a>\n\t\t\t<\/div><\/figure>\n\t\t<\/div>\n\t\t<\/div>\n\t\t\t\t\t\t<\/div>\n\t\t\t\t<\/div>\n\t\t\t\t\t<\/div>\n\t\t\t\t<\/div>\n\t\t<div class=\"elementor-element elementor-element-3b0a8f65 e-flex e-con-boxed e-con e-parent\" data-id=\"3b0a8f65\" data-element_type=\"container\" data-e-type=\"container\">\r\n\t\t\t\t\t<div class=\"e-con-inner\">\r\n\t\t<div class=\"elementor-element elementor-element-215033ea e-con-full e-flex e-con e-parent\" data-id=\"215033ea\" data-element_type=\"container\" data-e-type=\"container\">\r\n\t\t\t\t<div class=\"elementor-element elementor-element-4420dac2 elementor-widget elementor-widget-text-editor\" data-id=\"4420dac2\" data-element_type=\"widget\" data-e-type=\"widget\" data-widget_type=\"text-editor.default\">\n\t\t\t\t<div class=\"elementor-widget-container\">\n\t\t\t\t\t\t\t\t\t<p>Metro do Porto trabaj\u00f3 con <strong>Lightenjin <\/strong>para renovar el <strong>Polo Intermodal del Hospital de S\u00e3o Jo\u00e3o<\/strong>.<\/p>\n<p>La intervenci\u00f3n incluy\u00f3 la construcci\u00f3n de nuevas interfaces cubiertas, que permiten a los usuarios del metro una mayor comodidad en comparaci\u00f3n con los andenes existentes.<\/p>\n<p>La renovaci\u00f3n del espacio tambi\u00e9n ha permitido integrar una iluminaci\u00f3n que favorece la uniformidad de los niveles de luz en la zona de espera. Tambi\u00e9n integra el <strong>Sistema de Gesti\u00f3n y Control<\/strong>, que permite dosificar los niveles de iluminaci\u00f3n artificial en funci\u00f3n de los niveles de iluminaci\u00f3n natural, lo que permite un <strong>ahorro de consumo superior al 50%<\/strong>. <\/p>\n<p>De este modo, se mantienen y garantizan la seguridad y la agudeza visual.<\/p>\n<p style=\"padding-left: 40px;\"><span style=\"text-decoration: underline;\"><em>Caracter\u00edsticas:<\/em><\/span><br \/><em>Metros de luminaria: 280 (4 filas de 70mts)<\/em><br \/><em>Cantidad de Lumin\u00e1rias: 1<\/em>ano44<br \/><em>Potencia media\/luminaria: 32 W<\/em><br \/><em>Horas Funcionamiento\/dia: 12 h<\/em><br \/><em>Consumo energ\u00e9tico\/luminaria: 140 kWh\/<\/em><\/p>\n<p>En este enlace puedes ver m\u00e1s informaci\u00f3n sobre esta obra: <a href=\"https:\/\/www.porto.pt\/pt\/noticia\/estacao-de-metro-do-hospital-sao-joao-reabre-nesta-sexta-feira-e-duplica-capacidade-de-circulacao\" target=\"_blank\" rel=\"noopener noreferrer nofollow\">https:\/\/www.porto.pt\/pt\/noticia\/estacao-de-metro-do-hospital-sao-joao-reabre-nesta-&#8230;<\/a><\/p>\n<hr>\n<p><strong>Productos instalados: <\/strong><\/p>\n<p>LINNE E O, DRILED, LINNE S90 I, Elementare R60, FLAT, <\/p>\n\t\t\t\t\t\t\t\t<\/div>\n\t\t\t\t<\/div>\n\t\t\t\t<\/div>\n\t\t<div class=\"elementor-element elementor-element-20e46b00 e-con-full e-flex e-con e-parent\" data-id=\"20e46b00\" data-element_type=\"container\" data-e-type=\"container\">\r\n\t\t\t\t<div class=\"elementor-element elementor-element-1d044992 elementor-widget elementor-widget-image\" data-id=\"1d044992\" data-element_type=\"widget\" data-e-type=\"widget\" data-widget_type=\"image.default\">\n\t\t\t\t<div class=\"elementor-widget-container\">\n\t\t\t\t\t\t\t\t\t\t\t\t<figure class=\"wp-caption\">\n\t\t\t\t\t\t\t\t\t\t\t<a href=\"https:\/\/lightenjin.pt\/es\/producto\/linne-e-o\/\">\n\t\t\t\t\t\t\t<img loading=\"lazy\" decoding=\"async\" width=\"150\" height=\"150\" src=\"https:\/\/lightenjin.pt\/wp-content\/uploads\/2023\/06\/linne-e-o_vis_on-150x150.jpg\" class=\"attachment-thumbnail size-thumbnail wp-image-20827\" alt=\"\" title=\"\">\t\t\t\t\t\t\t\t<\/a>\n\t\t\t\t\t\t\t\t\t\t\t<figcaption class=\"widget-image-caption wp-caption-text\">LINNE E O<\/figcaption>\n\t\t\t\t\t\t\t\t\t\t<\/figure>\n\t\t\t\t\t\t\t\t\t<\/div>\n\t\t\t\t<\/div>\n\t\t\t\t<div class=\"elementor-element elementor-element-30b5b6c elementor-widget elementor-widget-image\" data-id=\"30b5b6c\" data-element_type=\"widget\" data-e-type=\"widget\" data-widget_type=\"image.default\">\n\t\t\t\t<div class=\"elementor-widget-container\">\n\t\t\t\t\t\t\t\t\t\t\t\t<figure class=\"wp-caption\">\n\t\t\t\t\t\t\t\t\t\t\t<a href=\"https:\/\/lightenjin.pt\/es\/producto\/driled\/\">\n\t\t\t\t\t\t\t<img loading=\"lazy\" decoding=\"async\" width=\"150\" height=\"150\" src=\"https:\/\/lightenjin.pt\/wp-content\/uploads\/2023\/06\/driled_on-150x150.jpg\" class=\"attachment-thumbnail size-thumbnail wp-image-22863\" alt=\"\" title=\"\">\t\t\t\t\t\t\t\t<\/a>\n\t\t\t\t\t\t\t\t\t\t\t<figcaption class=\"widget-image-caption wp-caption-text\">DRILED<\/figcaption>\n\t\t\t\t\t\t\t\t\t\t<\/figure>\n\t\t\t\t\t\t\t\t\t<\/div>\n\t\t\t\t<\/div>\n\t\t\t\t<div class=\"elementor-element elementor-element-b790903 elementor-widget elementor-widget-image\" data-id=\"b790903\" data-element_type=\"widget\" data-e-type=\"widget\" data-widget_type=\"image.default\">\n\t\t\t\t<div class=\"elementor-widget-container\">\n\t\t\t\t\t\t\t\t\t\t\t\t<figure class=\"wp-caption\">\n\t\t\t\t\t\t\t\t\t\t\t<a href=\"https:\/\/lightenjin.pt\/es\/producto\/linne-s-90-o\/\">\n\t\t\t\t\t\t\t<img loading=\"lazy\" decoding=\"async\" width=\"150\" height=\"150\" src=\"https:\/\/lightenjin.pt\/wp-content\/uploads\/2023\/06\/S90-O-euluce-150x150.png\" class=\"attachment-thumbnail size-thumbnail wp-image-19665\" alt=\"\" title=\"\">\t\t\t\t\t\t\t\t<\/a>\n\t\t\t\t\t\t\t\t\t\t\t<figcaption class=\"widget-image-caption wp-caption-text\"><\/figcaption>\n\t\t\t\t\t\t\t\t\t\t<\/figure>\n\t\t\t\t\t\t\t\t\t<\/div>\n\t\t\t\t<\/div>\n\t\t\t\t<div class=\"elementor-element elementor-element-dcb5ca2 elementor-widget elementor-widget-image\" data-id=\"dcb5ca2\" data-element_type=\"widget\" data-e-type=\"widget\" data-widget_type=\"image.default\">\n\t\t\t\t<div class=\"elementor-widget-container\">\n\t\t\t\t\t\t\t\t\t\t\t\t<figure class=\"wp-caption\">\n\t\t\t\t\t\t\t\t\t\t\t<a href=\"https:\/\/lightenjin.pt\/es\/producto\/elementare-r-60\/\">\n\t\t\t\t\t\t\t<img loading=\"lazy\" decoding=\"async\" width=\"150\" height=\"150\" src=\"https:\/\/lightenjin.pt\/wp-content\/uploads\/2023\/06\/elementare_r60_t-150x150.jpg\" class=\"attachment-thumbnail size-thumbnail wp-image-20513\" alt=\"\" title=\"\">\t\t\t\t\t\t\t\t<\/a>\n\t\t\t\t\t\t\t\t\t\t\t<figcaption class=\"widget-image-caption wp-caption-text\"><\/figcaption>\n\t\t\t\t\t\t\t\t\t\t<\/figure>\n\t\t\t\t\t\t\t\t\t<\/div>\n\t\t\t\t<\/div>\n\t\t\t\t<div class=\"elementor-element elementor-element-9d242de elementor-widget elementor-widget-image\" data-id=\"9d242de\" data-element_type=\"widget\" data-e-type=\"widget\" data-widget_type=\"image.default\">\n\t\t\t\t<div class=\"elementor-widget-container\">\n\t\t\t\t\t\t\t\t\t\t\t\t<figure class=\"wp-caption\">\n\t\t\t\t\t\t\t\t\t\t\t<a href=\"https:\/\/lightenjin.pt\/es\/producto\/flat\/\">\n\t\t\t\t\t\t\t<img loading=\"lazy\" decoding=\"async\" width=\"150\" height=\"150\" src=\"https:\/\/lightenjin.pt\/wp-content\/uploads\/2023\/06\/flat_on-150x150.jpg\" class=\"attachment-thumbnail size-thumbnail wp-image-18996\" alt=\"\" title=\"\">\t\t\t\t\t\t\t\t<\/a>\n\t\t\t\t\t\t\t\t\t\t\t<figcaption class=\"widget-image-caption wp-caption-text\"><\/figcaption>\n\t\t\t\t\t\t\t\t\t\t<\/figure>\n\t\t\t\t\t\t\t\t\t<\/div>\n\t\t\t\t<\/div>\n\t\t\t\t<\/div>\n\t\t\t\t\t<\/div>\n\t\t\t\t<\/div>\n\t\t\t\t<\/div>\n\t\t","protected":false},"excerpt":{"rendered":"<p>Galer\u00eda Metro do Porto trabaj\u00f3 con Lightenjin para renovar el Polo Intermodal del Hospital de S\u00e3o Jo\u00e3o. La intervenci\u00f3n incluy\u00f3 la construcci\u00f3n de nuevas interfaces cubiertas, que permiten a los usuarios del metro una mayor comodidad en comparaci\u00f3n con los andenes existentes. La renovaci\u00f3n del espacio tambi\u00e9n ha permitido integrar una iluminaci\u00f3n que favorece la [&hellip;]<\/p>\n","protected":false},"featured_media":23824,"comment_status":"closed","ping_status":"closed","template":"","meta":{"footnotes":""},"portfolio_cat":[837],"portfolio_skills":[849],"class_list":["post-23889","portfolio","type-portfolio","status-publish","has-post-thumbnail","hentry","portfolio_cat-transportes-es","portfolio_skills-metro-es"],"_links":{"self":[{"href":"https:\/\/lightenjin.pt\/es\/wp-json\/wp\/v2\/portfolio\/23889","targetHints":{"allow":["GET"]}}],"collection":[{"href":"https:\/\/lightenjin.pt\/es\/wp-json\/wp\/v2\/portfolio"}],"about":[{"href":"https:\/\/lightenjin.pt\/es\/wp-json\/wp\/v2\/types\/portfolio"}],"replies":[{"embeddable":true,"href":"https:\/\/lightenjin.pt\/es\/wp-json\/wp\/v2\/comments?post=23889"}],"version-history":[{"count":1,"href":"https:\/\/lightenjin.pt\/es\/wp-json\/wp\/v2\/portfolio\/23889\/revisions"}],"predecessor-version":[{"id":23890,"href":"https:\/\/lightenjin.pt\/es\/wp-json\/wp\/v2\/portfolio\/23889\/revisions\/23890"}],"wp:featuredmedia":[{"embeddable":true,"href":"https:\/\/lightenjin.pt\/es\/wp-json\/wp\/v2\/media\/23824"}],"wp:attachment":[{"href":"https:\/\/lightenjin.pt\/es\/wp-json\/wp\/v2\/media?parent=23889"}],"wp:term":[{"taxonomy":"portfolio_cat","embeddable":true,"href":"https:\/\/lightenjin.pt\/es\/wp-json\/wp\/v2\/portfolio_cat?post=23889"},{"taxonomy":"portfolio_skills","embeddable":true,"href":"https:\/\/lightenjin.pt\/es\/wp-json\/wp\/v2\/portfolio_skills?post=23889"}],"curies":[{"name":"wp","href":"https:\/\/api.w.org\/{rel}","templated":true}]}}