{"id":12246,"date":"2020-04-26T13:31:34","date_gmt":"2020-04-26T13:31:34","guid":{"rendered":"https:\/\/lightenjin.pt\/?post_type=portfolio&#038;p=12246"},"modified":"2023-07-26T14:02:56","modified_gmt":"2023-07-26T14:02:56","slug":"corum-investments-portugal","status":"publish","type":"portfolio","link":"https:\/\/lightenjin.pt\/fr\/po_obras\/corum-investments-portugal\/","title":{"rendered":"Corum Investments Portugal"},"content":{"rendered":"\t\t<div data-elementor-type=\"wp-post\" data-elementor-id=\"12246\" class=\"elementor elementor-12246\">\n\t\t\t\t<div class=\"elementor-element elementor-element-4b750f5c e-flex e-con-boxed e-con e-parent\" data-id=\"4b750f5c\" data-element_type=\"container\" data-e-type=\"container\">\r\n\t\t\t\t\t<div class=\"e-con-inner\">\r\n\t\t\t\t<div class=\"elementor-element elementor-element-1e16cdbd elementor-widget elementor-widget-text-editor\" data-id=\"1e16cdbd\" data-element_type=\"widget\" data-e-type=\"widget\" data-widget_type=\"text-editor.default\">\n\t\t\t\t<div class=\"elementor-widget-container\">\n\t\t\t\t\t\t\t\t\t<p><span style=\"font-size: 13px;\">Galeria<\/span><\/p>\t\t\t\t\t\t\t\t<\/div>\n\t\t\t\t<\/div>\n\t\t\t\t<div class=\"elementor-element elementor-element-3a8ba3a4 gallery-spacing-custom elementor-widget elementor-widget-image-gallery\" data-id=\"3a8ba3a4\" data-element_type=\"widget\" data-e-type=\"widget\" data-widget_type=\"image-gallery.default\">\n\t\t\t\t<div class=\"elementor-widget-container\">\n\t\t\t\t\t\t\t<div class=\"elementor-image-gallery\">\n\t\t\t<div id='gallery-1' class='gallery galleryid-12246 gallery-columns-3 gallery-size-medium'><figure class='gallery-item'>\n\t\t\t<div class='gallery-icon landscape'>\n\t\t\t\t<a data-elementor-open-lightbox=\"yes\" data-elementor-lightbox-slideshow=\"3a8ba3a4\" data-elementor-lightbox-title=\"adoff-corum-investments-02\" data-e-action-hash=\"#elementor-action%3Aaction%3Dlightbox%26settings%3DeyJpZCI6MTIyNTMsInVybCI6Imh0dHBzOlwvXC9saWdodGVuamluLnB0XC93cC1jb250ZW50XC91cGxvYWRzXC8yMDIzXC8wN1wvYWRvZmYtY29ydW0taW52ZXN0bWVudHMtMDIuanBnIiwic2xpZGVzaG93IjoiM2E4YmEzYTQifQ%3D%3D\" href='https:\/\/lightenjin.pt\/wp-content\/uploads\/2023\/07\/adoff-corum-investments-02.jpg'><img fetchpriority=\"high\" width=\"300\" height=\"225\" src=\"https:\/\/lightenjin.pt\/wp-content\/uploads\/2023\/07\/adoff-corum-investments-02-300x225.jpg\" class=\"attachment-medium size-medium\" alt=\"\" decoding=\"async\" title=\"\"><\/a>\n\t\t\t<\/div><\/figure><figure class='gallery-item'>\n\t\t\t<div class='gallery-icon landscape'>\n\t\t\t\t<a data-elementor-open-lightbox=\"yes\" data-elementor-lightbox-slideshow=\"3a8ba3a4\" data-elementor-lightbox-title=\"adoff-corum-investments-03\" data-e-action-hash=\"#elementor-action%3Aaction%3Dlightbox%26settings%3DeyJpZCI6MTIyNTYsInVybCI6Imh0dHBzOlwvXC9saWdodGVuamluLnB0XC93cC1jb250ZW50XC91cGxvYWRzXC8yMDIzXC8wN1wvYWRvZmYtY29ydW0taW52ZXN0bWVudHMtMDMuanBnIiwic2xpZGVzaG93IjoiM2E4YmEzYTQifQ%3D%3D\" data-elementor-lightbox-description=\"Corum Investments Portugal\" href='https:\/\/lightenjin.pt\/wp-content\/uploads\/2023\/07\/adoff-corum-investments-03.jpg'><img width=\"300\" height=\"225\" src=\"https:\/\/lightenjin.pt\/wp-content\/uploads\/2023\/07\/adoff-corum-investments-03-300x225.jpg\" class=\"attachment-medium size-medium\" alt=\"Corum Investments Portugal\" aria-describedby=\"gallery-1-12256\" decoding=\"async\" title=\"\"><\/a>\n\t\t\t<\/div>\n\t\t\t\t<figcaption class='wp-caption-text gallery-caption' id='gallery-1-12256'>\n\t\t\t\tCorum Investments Portugal\n\t\t\t\t<\/figcaption><\/figure><figure class='gallery-item'>\n\t\t\t<div class='gallery-icon landscape'>\n\t\t\t\t<a data-elementor-open-lightbox=\"yes\" data-elementor-lightbox-slideshow=\"3a8ba3a4\" data-elementor-lightbox-title=\"adoff-corum-investments-04\" data-e-action-hash=\"#elementor-action%3Aaction%3Dlightbox%26settings%3DeyJpZCI6MTIyNTksInVybCI6Imh0dHBzOlwvXC9saWdodGVuamluLnB0XC93cC1jb250ZW50XC91cGxvYWRzXC8yMDIzXC8wN1wvYWRvZmYtY29ydW0taW52ZXN0bWVudHMtMDQuanBnIiwic2xpZGVzaG93IjoiM2E4YmEzYTQifQ%3D%3D\" data-elementor-lightbox-description=\"Corum Investments Portugal\" href='https:\/\/lightenjin.pt\/wp-content\/uploads\/2023\/07\/adoff-corum-investments-04.jpg'><img width=\"300\" height=\"225\" src=\"https:\/\/lightenjin.pt\/wp-content\/uploads\/2023\/07\/adoff-corum-investments-04-300x225.jpg\" class=\"attachment-medium size-medium\" alt=\"\" decoding=\"async\" title=\"\"><\/a>\n\t\t\t<\/div><\/figure><figure class='gallery-item'>\n\t\t\t<div class='gallery-icon landscape'>\n\t\t\t\t<a data-elementor-open-lightbox=\"yes\" data-elementor-lightbox-slideshow=\"3a8ba3a4\" data-elementor-lightbox-title=\"adoff-corum-investments-05\" data-e-action-hash=\"#elementor-action%3Aaction%3Dlightbox%26settings%3DeyJpZCI6MTIyNjIsInVybCI6Imh0dHBzOlwvXC9saWdodGVuamluLnB0XC93cC1jb250ZW50XC91cGxvYWRzXC8yMDIzXC8wN1wvYWRvZmYtY29ydW0taW52ZXN0bWVudHMtMDUuanBnIiwic2xpZGVzaG93IjoiM2E4YmEzYTQifQ%3D%3D\" data-elementor-lightbox-description=\"Corum Investments Portugal\" href='https:\/\/lightenjin.pt\/wp-content\/uploads\/2023\/07\/adoff-corum-investments-05.jpg'><img loading=\"lazy\" width=\"300\" height=\"225\" src=\"https:\/\/lightenjin.pt\/wp-content\/uploads\/2023\/07\/adoff-corum-investments-05-300x225.jpg\" class=\"attachment-medium size-medium\" alt=\"\" decoding=\"async\" title=\"\"><\/a>\n\t\t\t<\/div><\/figure><figure class='gallery-item'>\n\t\t\t<div class='gallery-icon landscape'>\n\t\t\t\t<a data-elementor-open-lightbox=\"yes\" data-elementor-lightbox-slideshow=\"3a8ba3a4\" data-elementor-lightbox-title=\"adoff-corum-investments-06\" data-e-action-hash=\"#elementor-action%3Aaction%3Dlightbox%26settings%3DeyJpZCI6MTIyNjUsInVybCI6Imh0dHBzOlwvXC9saWdodGVuamluLnB0XC93cC1jb250ZW50XC91cGxvYWRzXC8yMDIzXC8wN1wvYWRvZmYtY29ydW0taW52ZXN0bWVudHMtMDYuanBnIiwic2xpZGVzaG93IjoiM2E4YmEzYTQifQ%3D%3D\" data-elementor-lightbox-description=\"Corum Investments Portugal\" href='https:\/\/lightenjin.pt\/wp-content\/uploads\/2023\/07\/adoff-corum-investments-06.jpg'><img loading=\"lazy\" width=\"300\" height=\"225\" src=\"https:\/\/lightenjin.pt\/wp-content\/uploads\/2023\/07\/adoff-corum-investments-06-300x225.jpg\" class=\"attachment-medium size-medium\" alt=\"\" decoding=\"async\" title=\"\"><\/a>\n\t\t\t<\/div><\/figure><figure class='gallery-item'>\n\t\t\t<div class='gallery-icon landscape'>\n\t\t\t\t<a data-elementor-open-lightbox=\"yes\" data-elementor-lightbox-slideshow=\"3a8ba3a4\" data-elementor-lightbox-title=\"adoff-corum-investments-01\" data-e-action-hash=\"#elementor-action%3Aaction%3Dlightbox%26settings%3DeyJpZCI6MTIyNDksInVybCI6Imh0dHBzOlwvXC9saWdodGVuamluLnB0XC93cC1jb250ZW50XC91cGxvYWRzXC8yMDIzXC8wN1wvYWRvZmYtY29ydW0taW52ZXN0bWVudHMtMDEuanBnIiwic2xpZGVzaG93IjoiM2E4YmEzYTQifQ%3D%3D\" data-elementor-lightbox-description=\"Corum Investments Portugal\" href='https:\/\/lightenjin.pt\/wp-content\/uploads\/2023\/07\/adoff-corum-investments-01.jpg'><img loading=\"lazy\" width=\"300\" height=\"225\" src=\"https:\/\/lightenjin.pt\/wp-content\/uploads\/2023\/07\/adoff-corum-investments-01-300x225.jpg\" class=\"attachment-medium size-medium\" alt=\"Escrit\u00f3rios Corum Investments - Lisboa\" decoding=\"async\" title=\"\"><\/a>\n\t\t\t<\/div><\/figure>\n\t\t<\/div>\n\t\t<\/div>\n\t\t\t\t\t\t<\/div>\n\t\t\t\t<\/div>\n\t\t\t\t\t<\/div>\n\t\t\t\t<\/div>\n\t\t<div class=\"elementor-element elementor-element-3abd657d e-flex e-con-boxed e-con e-parent\" data-id=\"3abd657d\" data-element_type=\"container\" data-e-type=\"container\">\r\n\t\t\t\t\t<div class=\"e-con-inner\">\r\n\t\t<div class=\"elementor-element elementor-element-124604e9 e-con-full e-flex e-con e-parent\" data-id=\"124604e9\" data-element_type=\"container\" data-e-type=\"container\">\r\n\t\t\t\t<div class=\"elementor-element elementor-element-2af84a23 elementor-widget elementor-widget-text-editor\" data-id=\"2af84a23\" data-element_type=\"widget\" data-e-type=\"widget\" data-widget_type=\"text-editor.default\">\n\t\t\t\t<div class=\"elementor-widget-container\">\n\t\t\t\t\t\t\t\t\t<p>O gabinete de arquitetura ADOFF projetou as instala\u00e7\u00f5es da CORUM. A escolha do gabinete ADOFF para a ilumina\u00e7\u00e3o da CORUM foi a lumin\u00e1ria\u00a0<a href=\"https:\/\/lightenjin.pt\/produto\/linne-s-90-o\/\">LINNE S 90<\/a>, num projeto desenvolvido especificamente para este espa\u00e7o. A versatilidade da lumin\u00e1ria permite \u00e2ngulos de 90\u00ba do perfil de alum\u00ednio linear e curvatura do corpo da lumin\u00e1ria. Neste projeto encontramos tamb\u00e9m sa\u00edda de luz paralela e perpendicular ao\u00a0<span lang=\"EN-GB\">solo.<\/span><\/p><p>fotografia:\u00a0Ivo Tavares Studio; <a href=\"https:\/\/www.ivotavares.net\/\" target=\"_blank\" rel=\"noopener noreferrer nofollow\">https:\/\/www.ivotavares.net<\/a><\/p><hr \/><p><strong>Produtos Instalados: <br \/><a href=\"https:\/\/lightenjin.pt\/produto\/linne-s-90-o\/\">LINNE S 90<\/a><br \/><\/strong><\/p>\t\t\t\t\t\t\t\t<\/div>\n\t\t\t\t<\/div>\n\t\t\t\t<\/div>\n\t\t<div class=\"elementor-element elementor-element-6fdd26ab e-con-full e-flex e-con e-parent\" data-id=\"6fdd26ab\" data-element_type=\"container\" data-e-type=\"container\">\r\n\t\t\t\t<div class=\"elementor-element elementor-element-34154a98 elementor-widget elementor-widget-image\" data-id=\"34154a98\" data-element_type=\"widget\" data-e-type=\"widget\" data-widget_type=\"image.default\">\n\t\t\t\t<div class=\"elementor-widget-container\">\n\t\t\t\t\t\t\t\t\t\t\t\t<figure class=\"wp-caption\">\n\t\t\t\t\t\t\t\t\t\t\t<a href=\"https:\/\/lightenjin.pt\/produto\/linne-s-90-o\/\">\n\t\t\t\t\t\t\t<img loading=\"lazy\" decoding=\"async\" width=\"150\" height=\"150\" src=\"https:\/\/lightenjin.pt\/wp-content\/uploads\/2023\/06\/S90-O-euluce-150x150.png\" class=\"attachment-thumbnail size-thumbnail wp-image-9424\" alt=\"Linne S 90\" title=\"\">\t\t\t\t\t\t\t\t<\/a>\n\t\t\t\t\t\t\t\t\t\t\t<figcaption class=\"widget-image-caption wp-caption-text\">Linne S 90<\/figcaption>\n\t\t\t\t\t\t\t\t\t\t<\/figure>\n\t\t\t\t\t\t\t\t\t<\/div>\n\t\t\t\t<\/div>\n\t\t\t\t<\/div>\n\t\t\t\t\t<\/div>\n\t\t\t\t<\/div>\n\t\t\t\t<\/div>\n\t\t","protected":false},"excerpt":{"rendered":"<p>Galeria O gabinete de arquitetura ADOFF projetou as instala\u00e7\u00f5es da CORUM. A escolha do gabinete ADOFF para a ilumina\u00e7\u00e3o da CORUM foi a lumin\u00e1ria\u00a0LINNE S 90, num projeto desenvolvido especificamente para este espa\u00e7o. A versatilidade da lumin\u00e1ria permite \u00e2ngulos de 90\u00ba do perfil de alum\u00ednio linear e curvatura do corpo da lumin\u00e1ria. Neste projeto encontramos [&hellip;]<\/p>\n","protected":false},"featured_media":12247,"comment_status":"closed","ping_status":"closed","template":"","meta":{"footnotes":""},"portfolio_cat":[477],"portfolio_skills":[],"class_list":["post-12246","portfolio","type-portfolio","status-publish","has-post-thumbnail","hentry","portfolio_cat-escritorios"],"_links":{"self":[{"href":"https:\/\/lightenjin.pt\/fr\/wp-json\/wp\/v2\/portfolio\/12246","targetHints":{"allow":["GET"]}}],"collection":[{"href":"https:\/\/lightenjin.pt\/fr\/wp-json\/wp\/v2\/portfolio"}],"about":[{"href":"https:\/\/lightenjin.pt\/fr\/wp-json\/wp\/v2\/types\/portfolio"}],"replies":[{"embeddable":true,"href":"https:\/\/lightenjin.pt\/fr\/wp-json\/wp\/v2\/comments?post=12246"}],"version-history":[{"count":5,"href":"https:\/\/lightenjin.pt\/fr\/wp-json\/wp\/v2\/portfolio\/12246\/revisions"}],"predecessor-version":[{"id":12303,"href":"https:\/\/lightenjin.pt\/fr\/wp-json\/wp\/v2\/portfolio\/12246\/revisions\/12303"}],"wp:featuredmedia":[{"embeddable":true,"href":"https:\/\/lightenjin.pt\/fr\/wp-json\/wp\/v2\/media\/12247"}],"wp:attachment":[{"href":"https:\/\/lightenjin.pt\/fr\/wp-json\/wp\/v2\/media?parent=12246"}],"wp:term":[{"taxonomy":"portfolio_cat","embeddable":true,"href":"https:\/\/lightenjin.pt\/fr\/wp-json\/wp\/v2\/portfolio_cat?post=12246"},{"taxonomy":"portfolio_skills","embeddable":true,"href":"https:\/\/lightenjin.pt\/fr\/wp-json\/wp\/v2\/portfolio_skills?post=12246"}],"curies":[{"name":"wp","href":"https:\/\/api.w.org\/{rel}","templated":true}]}}