{"id":12400,"date":"2020-11-15T13:08:00","date_gmt":"2020-11-15T13:08:00","guid":{"rendered":"https:\/\/lightenjin.pt\/?post_type=portfolio&#038;p=12400"},"modified":"2023-07-31T13:17:09","modified_gmt":"2023-07-31T13:17:09","slug":"miradouro-varanda-dos-carqueijais","status":"publish","type":"portfolio","link":"https:\/\/lightenjin.pt\/fr\/po_obras\/miradouro-varanda-dos-carqueijais\/","title":{"rendered":"Miradouro Varanda dos Carqueijais"},"content":{"rendered":"\t\t<div data-elementor-type=\"wp-post\" data-elementor-id=\"12400\" class=\"elementor elementor-12400\">\n\t\t\t\t<div class=\"elementor-element elementor-element-6ee1a084 e-flex e-con-boxed e-con e-parent\" data-id=\"6ee1a084\" data-element_type=\"container\" data-e-type=\"container\">\r\n\t\t\t\t\t<div class=\"e-con-inner\">\r\n\t\t<div class=\"elementor-element elementor-element-1a3f0099 e-con-full e-flex e-con e-parent\" data-id=\"1a3f0099\" data-element_type=\"container\" data-e-type=\"container\">\r\n\t\t\t\t<div class=\"elementor-element elementor-element-2a7cbdb6 elementor-widget elementor-widget-text-editor\" data-id=\"2a7cbdb6\" data-element_type=\"widget\" data-e-type=\"widget\" data-widget_type=\"text-editor.default\">\n\t\t\t\t<div class=\"elementor-widget-container\">\n\t\t\t\t\t\t\t\t\t<p>A Varanda dos Carqueijais est\u00e1 mais iluminada!<\/p><p>O miradouro que liga a cidade da Covilh\u00e3 e as penhas da Sa\u00fade, na Serra da Estrela, junto ao Hotel dos Carqueijais, disp\u00f5e agora de pontos de luz aut\u00f3nomos e lumin\u00e1rias de tipologia LED.<br \/>O poste\u00a0<a href=\"https:\/\/web.archive.org\/web\/20221130181857\/https:\/\/lightenjin.pt\/produto\/llamp\/\">LLAMP<\/a>, constitu\u00eddos por pain\u00e9is solares e baterias, aproveitam a energia solar que \u00e9 armazenada durante o dia e alimentam as lumin\u00e1rias\u00a0<a href=\"https:\/\/web.archive.org\/web\/20221130181857\/https:\/\/lightenjin.pt\/produto\/cratus-m\/\">CRATUS<\/a>\u00a0durante a noite.<\/p><p>\u00c9 neste emblem\u00e1tico cen\u00e1rio que poder\u00e1 disfrutar sob a ilumina\u00e7\u00e3o da Lightenjin, da magnifica paisagem da cidade da Covilh\u00e3.<\/p><h5>(imagem do Miradouro retirada do site da C\u00e2mara Municipal da Covilh\u00e3 \u2013\u00a0<a href=\"https:\/\/web.archive.org\/web\/20221130181857\/http:\/\/www.cm-covilha.pt\/?cix=898&amp;tab=793&amp;curr=862\" target=\"_blank\" rel=\"noopener noreferrer nofollow\">link )<\/a><\/h5><hr \/><p><strong>Produtos Instalados: <br \/><\/strong><strong><a href=\"https:\/\/lightenjin.pt\/produto\/cithara-evo\/\">\u00a0<\/a><a href=\"https:\/\/web.archive.org\/web\/20221130181857\/https:\/\/lightenjin.pt\/produto\/llamp\/\">LLAMP<\/a>, <a href=\"https:\/\/web.archive.org\/web\/20221130181857\/https:\/\/lightenjin.pt\/produto\/cratus-m\/\">CRATUS<\/a><\/strong><\/p>\t\t\t\t\t\t\t\t<\/div>\n\t\t\t\t<\/div>\n\t\t\t\t<\/div>\n\t\t<div class=\"elementor-element elementor-element-4286e791 e-con-full e-flex e-con e-parent\" data-id=\"4286e791\" data-element_type=\"container\" data-e-type=\"container\">\r\n\t\t\t\t<div class=\"elementor-element elementor-element-2afcd5d1 elementor-widget elementor-widget-image\" data-id=\"2afcd5d1\" data-element_type=\"widget\" data-e-type=\"widget\" data-widget_type=\"image.default\">\n\t\t\t\t<div class=\"elementor-widget-container\">\n\t\t\t\t\t\t\t\t\t\t\t\t<figure class=\"wp-caption\">\n\t\t\t\t\t\t\t\t\t\t\t<a href=\"https:\/\/lightenjin.pt\/produto\/llamp\/\">\n\t\t\t\t\t\t\t<img decoding=\"async\" width=\"150\" height=\"150\" src=\"https:\/\/lightenjin.pt\/wp-content\/uploads\/2023\/06\/llamp-150x150.jpg\" class=\"attachment-thumbnail size-thumbnail wp-image-9298\" alt=\"LLAMP\" title=\"\">\t\t\t\t\t\t\t\t<\/a>\n\t\t\t\t\t\t\t\t\t\t\t<figcaption class=\"widget-image-caption wp-caption-text\">LLAMP<\/figcaption>\n\t\t\t\t\t\t\t\t\t\t<\/figure>\n\t\t\t\t\t\t\t\t\t<\/div>\n\t\t\t\t<\/div>\n\t\t\t\t<div class=\"elementor-element elementor-element-6de1c12a elementor-widget elementor-widget-image\" data-id=\"6de1c12a\" data-element_type=\"widget\" data-e-type=\"widget\" data-widget_type=\"image.default\">\n\t\t\t\t<div class=\"elementor-widget-container\">\n\t\t\t\t\t\t\t\t\t\t\t\t<figure class=\"wp-caption\">\n\t\t\t\t\t\t\t\t\t\t\t<a href=\"https:\/\/lightenjin.pt\/produto\/cratus-m\/\">\n\t\t\t\t\t\t\t<img decoding=\"async\" src=\"https:\/\/lightenjin.pt\/wp-content\/uploads\/2023\/06\/cratus-mini_off_porm.jpg\" title=\"\" alt=\"CRATUS\" loading=\"lazy\">\t\t\t\t\t\t\t\t<\/a>\n\t\t\t\t\t\t\t\t\t\t\t<figcaption class=\"widget-image-caption wp-caption-text\"><\/figcaption>\n\t\t\t\t\t\t\t\t\t\t<\/figure>\n\t\t\t\t\t\t\t\t\t<\/div>\n\t\t\t\t<\/div>\n\t\t\t\t<\/div>\n\t\t<div class=\"elementor-element elementor-element-13f14923 e-con-full e-flex e-con e-parent\" data-id=\"13f14923\" data-element_type=\"container\" data-e-type=\"container\">\r\n\t\t\t\t<div class=\"elementor-element elementor-element-30c498ac elementor-widget elementor-widget-text-editor\" data-id=\"30c498ac\" data-element_type=\"widget\" data-e-type=\"widget\" data-widget_type=\"text-editor.default\">\n\t\t\t\t<div class=\"elementor-widget-container\">\n\t\t\t\t\t\t\t\t\t<hr \/><p>Veja o filme \u2013 <a href=\"https:\/\/www.youtube.com\/watch?v=TUN_7wBgFaI\" target=\"_blank\" rel=\"noopener noreferrer nofollow\">link<\/a> \u21b4<\/p>\t\t\t\t\t\t\t\t<\/div>\n\t\t\t\t<\/div>\n\t\t\t\t<div class=\"elementor-element elementor-element-422f191a elementor-widget elementor-widget-video\" data-id=\"422f191a\" data-element_type=\"widget\" data-e-type=\"widget\" data-settings=\"{&quot;youtube_url&quot;:&quot;https:\\\/\\\/www.youtube.com\\\/watch?v=TUN_7wBgFaI&quot;,&quot;yt_privacy&quot;:&quot;yes&quot;,&quot;lazy_load&quot;:&quot;yes&quot;,&quot;video_type&quot;:&quot;youtube&quot;,&quot;controls&quot;:&quot;yes&quot;}\" data-widget_type=\"video.default\">\n\t\t\t\t<div class=\"elementor-widget-container\">\n\t\t\t\t\t\t\t<div class=\"elementor-wrapper elementor-open-inline\">\n\t\t\t<div class=\"elementor-video\"><\/div>\t\t<\/div>\n\t\t\t\t\t\t<\/div>\n\t\t\t\t<\/div>\n\t\t\t\t<\/div>\n\t\t\t\t\t<\/div>\n\t\t\t\t<\/div>\n\t\t\t\t<\/div>\n\t\t","protected":false},"excerpt":{"rendered":"<p>A Varanda dos Carqueijais est\u00e1 mais iluminada! O miradouro que liga a cidade da Covilh\u00e3 e as penhas da Sa\u00fade, na Serra da Estrela, junto ao Hotel dos Carqueijais, disp\u00f5e agora de pontos de luz aut\u00f3nomos e lumin\u00e1rias de tipologia LED. O poste\u00a0LLAMP, constitu\u00eddos por pain\u00e9is solares e baterias, aproveitam a energia solar que \u00e9 [&hellip;]<\/p>\n","protected":false},"featured_media":12409,"comment_status":"closed","ping_status":"closed","template":"","meta":{"footnotes":""},"portfolio_cat":[454],"portfolio_skills":[],"class_list":["post-12400","portfolio","type-portfolio","status-publish","has-post-thumbnail","hentry","portfolio_cat-exterior"],"_links":{"self":[{"href":"https:\/\/lightenjin.pt\/fr\/wp-json\/wp\/v2\/portfolio\/12400","targetHints":{"allow":["GET"]}}],"collection":[{"href":"https:\/\/lightenjin.pt\/fr\/wp-json\/wp\/v2\/portfolio"}],"about":[{"href":"https:\/\/lightenjin.pt\/fr\/wp-json\/wp\/v2\/types\/portfolio"}],"replies":[{"embeddable":true,"href":"https:\/\/lightenjin.pt\/fr\/wp-json\/wp\/v2\/comments?post=12400"}],"version-history":[{"count":5,"href":"https:\/\/lightenjin.pt\/fr\/wp-json\/wp\/v2\/portfolio\/12400\/revisions"}],"predecessor-version":[{"id":12412,"href":"https:\/\/lightenjin.pt\/fr\/wp-json\/wp\/v2\/portfolio\/12400\/revisions\/12412"}],"wp:featuredmedia":[{"embeddable":true,"href":"https:\/\/lightenjin.pt\/fr\/wp-json\/wp\/v2\/media\/12409"}],"wp:attachment":[{"href":"https:\/\/lightenjin.pt\/fr\/wp-json\/wp\/v2\/media?parent=12400"}],"wp:term":[{"taxonomy":"portfolio_cat","embeddable":true,"href":"https:\/\/lightenjin.pt\/fr\/wp-json\/wp\/v2\/portfolio_cat?post=12400"},{"taxonomy":"portfolio_skills","embeddable":true,"href":"https:\/\/lightenjin.pt\/fr\/wp-json\/wp\/v2\/portfolio_skills?post=12400"}],"curies":[{"name":"wp","href":"https:\/\/api.w.org\/{rel}","templated":true}]}}