{"id":12898,"date":"2020-04-01T18:03:13","date_gmt":"2020-04-01T18:03:13","guid":{"rendered":"https:\/\/lightenjin.pt\/?post_type=portfolio&#038;p=12898"},"modified":"2023-09-15T09:21:02","modified_gmt":"2023-09-15T09:21:02","slug":"costa-verde","status":"publish","type":"portfolio","link":"https:\/\/lightenjin.pt\/fr\/po_obras\/costa-verde\/","title":{"rendered":"Costa Verde"},"content":{"rendered":"\t\t<div data-elementor-type=\"wp-post\" data-elementor-id=\"12898\" class=\"elementor elementor-12898\">\n\t\t\t\t<div class=\"elementor-element elementor-element-7ad0cf79 e-flex e-con-boxed e-con e-parent\" data-id=\"7ad0cf79\" data-element_type=\"container\" data-e-type=\"container\">\r\n\t\t\t\t\t<div class=\"e-con-inner\">\r\n\t\t\t\t<div class=\"elementor-element elementor-element-501b8e47 elementor-widget elementor-widget-text-editor\" data-id=\"501b8e47\" data-element_type=\"widget\" data-e-type=\"widget\" data-widget_type=\"text-editor.default\">\n\t\t\t\t<div class=\"elementor-widget-container\">\n\t\t\t\t\t\t\t\t\t<p><span style=\"font-size: 13px;\">Galeria<\/span><\/p>\t\t\t\t\t\t\t\t<\/div>\n\t\t\t\t<\/div>\n\t\t\t\t<div class=\"elementor-element elementor-element-4eceb0ee gallery-spacing-custom elementor-widget elementor-widget-image-gallery\" data-id=\"4eceb0ee\" data-element_type=\"widget\" data-e-type=\"widget\" data-widget_type=\"image-gallery.default\">\n\t\t\t\t<div class=\"elementor-widget-container\">\n\t\t\t\t\t\t\t<div class=\"elementor-image-gallery\">\n\t\t\t<div id='gallery-1' class='gallery galleryid-12898 gallery-columns-3 gallery-size-medium'><figure class='gallery-item'>\n\t\t\t<div class='gallery-icon landscape'>\n\t\t\t\t<a data-elementor-open-lightbox=\"yes\" data-elementor-lightbox-slideshow=\"4eceb0ee\" data-elementor-lightbox-title=\"linealis-amb-costa-verde\" data-e-action-hash=\"#elementor-action%3Aaction%3Dlightbox%26settings%3DeyJpZCI6MTI5MDgsInVybCI6Imh0dHBzOlwvXC9saWdodGVuamluLnB0XC93cC1jb250ZW50XC91cGxvYWRzXC8yMDIzXC8wOVwvbGluZWFsaXMtYW1iLWNvc3RhLXZlcmRlLmpwZyIsInNsaWRlc2hvdyI6IjRlY2ViMGVlIn0%3D\" href='https:\/\/lightenjin.pt\/wp-content\/uploads\/2023\/09\/linealis-amb-costa-verde.jpg'><img fetchpriority=\"high\" decoding=\"async\" width=\"300\" height=\"300\" src=\"https:\/\/lightenjin.pt\/wp-content\/uploads\/2023\/09\/linealis-amb-costa-verde-300x300.jpg\" class=\"attachment-medium size-medium\" alt=\"\" title=\"\"><\/a>\n\t\t\t<\/div><\/figure><figure class='gallery-item'>\n\t\t\t<div class='gallery-icon landscape'>\n\t\t\t\t<a data-elementor-open-lightbox=\"yes\" data-elementor-lightbox-slideshow=\"4eceb0ee\" data-elementor-lightbox-title=\"Costa-Verde_1\" data-e-action-hash=\"#elementor-action%3Aaction%3Dlightbox%26settings%3DeyJpZCI6MTI5MDUsInVybCI6Imh0dHBzOlwvXC9saWdodGVuamluLnB0XC93cC1jb250ZW50XC91cGxvYWRzXC8yMDIzXC8wOVwvQ29zdGEtVmVyZGVfMS5qcGciLCJzbGlkZXNob3ciOiI0ZWNlYjBlZSJ9\" href='https:\/\/lightenjin.pt\/wp-content\/uploads\/2023\/09\/Costa-Verde_1.jpg'><img decoding=\"async\" width=\"300\" height=\"218\" src=\"https:\/\/lightenjin.pt\/wp-content\/uploads\/2023\/09\/Costa-Verde_1-300x218.jpg\" class=\"attachment-medium size-medium\" alt=\"\" title=\"\"><\/a>\n\t\t\t<\/div><\/figure><figure class='gallery-item'>\n\t\t\t<div class='gallery-icon landscape'>\n\t\t\t\t<a data-elementor-open-lightbox=\"yes\" data-elementor-lightbox-slideshow=\"4eceb0ee\" data-elementor-lightbox-title=\"Costa-Verde_2\" data-e-action-hash=\"#elementor-action%3Aaction%3Dlightbox%26settings%3DeyJpZCI6MTI5MDEsInVybCI6Imh0dHBzOlwvXC9saWdodGVuamluLnB0XC93cC1jb250ZW50XC91cGxvYWRzXC8yMDIzXC8wOVwvQ29zdGEtVmVyZGVfMi5qcGciLCJzbGlkZXNob3ciOiI0ZWNlYjBlZSJ9\" data-elementor-lightbox-description=\"Costa Verde\" href='https:\/\/lightenjin.pt\/wp-content\/uploads\/2023\/09\/Costa-Verde_2.jpg'><img decoding=\"async\" width=\"300\" height=\"218\" src=\"https:\/\/lightenjin.pt\/wp-content\/uploads\/2023\/09\/Costa-Verde_2-300x218.jpg\" class=\"attachment-medium size-medium\" alt=\"\" aria-describedby=\"gallery-1-12901\" title=\"\"><\/a>\n\t\t\t<\/div>\n\t\t\t\t<figcaption class='wp-caption-text gallery-caption' id='gallery-1-12901'>\n\t\t\t\tCosta Verde\n\t\t\t\t<\/figcaption><\/figure>\n\t\t<\/div>\n\t\t<\/div>\n\t\t\t\t\t\t<\/div>\n\t\t\t\t<\/div>\n\t\t\t\t\t<\/div>\n\t\t\t\t<\/div>\n\t\t<div class=\"elementor-element elementor-element-3ca5132d e-flex e-con-boxed e-con e-parent\" data-id=\"3ca5132d\" data-element_type=\"container\" data-e-type=\"container\">\r\n\t\t\t\t\t<div class=\"e-con-inner\">\r\n\t\t<div class=\"elementor-element elementor-element-1bb35270 e-con-full e-flex e-con e-parent\" data-id=\"1bb35270\" data-element_type=\"container\" data-e-type=\"container\">\r\n\t\t\t\t<div class=\"elementor-element elementor-element-8a4f64c elementor-widget elementor-widget-text-editor\" data-id=\"8a4f64c\" data-element_type=\"widget\" data-e-type=\"widget\" data-widget_type=\"text-editor.default\">\n\t\t\t\t<div class=\"elementor-widget-container\">\n\t\t\t\t\t\t\t\t\t<p>Costa Verde iniciou a atividade em 1992, e hoje uma das mais modernas empresas no fabrico de porcelana no espa\u00e7o da Uni\u00e3o Europeia. Para a ilumina\u00e7\u00e3o dos corredores do armaz\u00e9m de produto acabado a escolha foi da lumin\u00e1ria\u00a0<a href=\"https:\/\/web.archive.org\/web\/20221130181739\/https:\/\/lightenjin.pt\/produto\/linealis\/\">LINEALIS<\/a>, que pela constru\u00e7\u00e3o robusta e IP65 tem carater\u00edsticas adequadas \u00e0 ind\u00fastria cer\u00e2mica.<br \/><br \/><\/p><hr \/><p><strong>Produtos Instalados: <br \/><a href=\"https:\/\/web.archive.org\/web\/20221130181739\/https:\/\/lightenjin.pt\/produto\/linealis\/\">LINEALIS<\/a><br \/><\/strong><\/p>\t\t\t\t\t\t\t\t<\/div>\n\t\t\t\t<\/div>\n\t\t\t\t<\/div>\n\t\t<div class=\"elementor-element elementor-element-7710b10 e-con-full e-flex e-con e-parent\" data-id=\"7710b10\" data-element_type=\"container\" data-e-type=\"container\">\r\n\t\t\t\t<div class=\"elementor-element elementor-element-6e123dcb elementor-widget elementor-widget-image\" data-id=\"6e123dcb\" data-element_type=\"widget\" data-e-type=\"widget\" data-widget_type=\"image.default\">\n\t\t\t\t<div class=\"elementor-widget-container\">\n\t\t\t\t\t\t\t\t\t\t\t\t<figure class=\"wp-caption\">\n\t\t\t\t\t\t\t\t\t\t\t<a href=\"https:\/\/lightenjin.pt\/produto\/linealis\/\">\n\t\t\t\t\t\t\t<img loading=\"lazy\" decoding=\"async\" width=\"150\" height=\"150\" src=\"https:\/\/lightenjin.pt\/wp-content\/uploads\/2023\/06\/LINEALIS-150x150.png\" class=\"attachment-thumbnail size-thumbnail wp-image-9666\" alt=\"LINEALIS\" title=\"\">\t\t\t\t\t\t\t\t<\/a>\n\t\t\t\t\t\t\t\t\t\t\t<figcaption class=\"widget-image-caption wp-caption-text\">LINEALIS<\/figcaption>\n\t\t\t\t\t\t\t\t\t\t<\/figure>\n\t\t\t\t\t\t\t\t\t<\/div>\n\t\t\t\t<\/div>\n\t\t\t\t<\/div>\n\t\t\t\t\t<\/div>\n\t\t\t\t<\/div>\n\t\t\t\t<\/div>\n\t\t","protected":false},"excerpt":{"rendered":"<p>Galeria Costa Verde Costa Verde iniciou a atividade em 1992, e hoje uma das mais modernas empresas no fabrico de porcelana no espa\u00e7o da Uni\u00e3o Europeia. Para a ilumina\u00e7\u00e3o dos corredores do armaz\u00e9m de produto acabado a escolha foi da lumin\u00e1ria\u00a0LINEALIS, que pela constru\u00e7\u00e3o robusta e IP65 tem carater\u00edsticas adequadas \u00e0 ind\u00fastria cer\u00e2mica. Produtos Instalados: [&hellip;]<\/p>\n","protected":false},"featured_media":12899,"comment_status":"closed","ping_status":"closed","template":"","meta":{"footnotes":""},"portfolio_cat":[466],"portfolio_skills":[488],"class_list":["post-12898","portfolio","type-portfolio","status-publish","has-post-thumbnail","hentry","portfolio_cat-industria","portfolio_skills-fabrica"],"_links":{"self":[{"href":"https:\/\/lightenjin.pt\/fr\/wp-json\/wp\/v2\/portfolio\/12898","targetHints":{"allow":["GET"]}}],"collection":[{"href":"https:\/\/lightenjin.pt\/fr\/wp-json\/wp\/v2\/portfolio"}],"about":[{"href":"https:\/\/lightenjin.pt\/fr\/wp-json\/wp\/v2\/types\/portfolio"}],"replies":[{"embeddable":true,"href":"https:\/\/lightenjin.pt\/fr\/wp-json\/wp\/v2\/comments?post=12898"}],"version-history":[{"count":5,"href":"https:\/\/lightenjin.pt\/fr\/wp-json\/wp\/v2\/portfolio\/12898\/revisions"}],"predecessor-version":[{"id":12912,"href":"https:\/\/lightenjin.pt\/fr\/wp-json\/wp\/v2\/portfolio\/12898\/revisions\/12912"}],"wp:featuredmedia":[{"embeddable":true,"href":"https:\/\/lightenjin.pt\/fr\/wp-json\/wp\/v2\/media\/12899"}],"wp:attachment":[{"href":"https:\/\/lightenjin.pt\/fr\/wp-json\/wp\/v2\/media?parent=12898"}],"wp:term":[{"taxonomy":"portfolio_cat","embeddable":true,"href":"https:\/\/lightenjin.pt\/fr\/wp-json\/wp\/v2\/portfolio_cat?post=12898"},{"taxonomy":"portfolio_skills","embeddable":true,"href":"https:\/\/lightenjin.pt\/fr\/wp-json\/wp\/v2\/portfolio_skills?post=12898"}],"curies":[{"name":"wp","href":"https:\/\/api.w.org\/{rel}","templated":true}]}}