{"id":23668,"date":"2023-09-08T17:28:34","date_gmt":"2023-09-08T16:28:34","guid":{"rendered":"https:\/\/lightenjin.pt\/po_obras\/ecole-eb1-lajeosa-do-mondego\/"},"modified":"2025-02-11T16:07:13","modified_gmt":"2025-02-11T16:07:13","slug":"ecole-eb1-lajeosa-do-mondego","status":"publish","type":"portfolio","link":"https:\/\/lightenjin.pt\/fr\/po_obras\/ecole-eb1-lajeosa-do-mondego\/","title":{"rendered":"\u00c9cole EB1 Lajeosa do Mondego"},"content":{"rendered":"\t\t<div data-elementor-type=\"wp-post\" data-elementor-id=\"23668\" class=\"elementor elementor-23668 elementor-13580\">\n\t\t\t\t<div class=\"elementor-element elementor-element-17added7 e-flex e-con-boxed e-con e-parent\" data-id=\"17added7\" data-element_type=\"container\" data-e-type=\"container\">\r\n\t\t\t\t\t<div class=\"e-con-inner\">\r\n\t\t\t\t<div class=\"elementor-element elementor-element-6a3cee8 elementor-widget elementor-widget-text-editor\" data-id=\"6a3cee8\" data-element_type=\"widget\" data-e-type=\"widget\" data-widget_type=\"text-editor.default\">\n\t\t\t\t<div class=\"elementor-widget-container\">\n\t\t\t\t\t\t\t\t\t<p><span style=\"font-size: 13px;\">Galerie de Photos<\/span><\/p>\n\t\t\t\t\t\t\t\t<\/div>\n\t\t\t\t<\/div>\n\t\t\t\t<div class=\"elementor-element elementor-element-2dca5cc2 gallery-spacing-custom elementor-widget elementor-widget-image-gallery\" data-id=\"2dca5cc2\" data-element_type=\"widget\" data-e-type=\"widget\" data-widget_type=\"image-gallery.default\">\n\t\t\t\t<div class=\"elementor-widget-container\">\n\t\t\t\t\t\t\t<div class=\"elementor-image-gallery\">\n\t\t\t<div id='gallery-1' class='gallery galleryid-23668 gallery-columns-3 gallery-size-medium'><figure class='gallery-item'>\n\t\t\t<div class='gallery-icon landscape'>\n\t\t\t\t<a data-elementor-open-lightbox=\"yes\" data-elementor-lightbox-slideshow=\"2dca5cc2\" data-elementor-lightbox-title=\"eb1-lajeosa-mondego_03\" data-e-action-hash=\"#elementor-action%3Aaction%3Dlightbox%26settings%3DeyJpZCI6MTM1ODgsInVybCI6Imh0dHBzOlwvXC9saWdodGVuamluLnB0XC93cC1jb250ZW50XC91cGxvYWRzXC8yMDI0XC8wMVwvZWIxLWxhamVvc2EtbW9uZGVnb18wMy5qcGciLCJzbGlkZXNob3ciOiIyZGNhNWNjMiJ9\" href='https:\/\/lightenjin.pt\/wp-content\/uploads\/2024\/01\/eb1-lajeosa-mondego_03.jpg'><img fetchpriority=\"high\" decoding=\"async\" width=\"300\" height=\"225\" src=\"https:\/\/lightenjin.pt\/wp-content\/uploads\/2024\/01\/eb1-lajeosa-mondego_03-300x225.jpg\" class=\"attachment-medium size-medium\" alt=\"Escola EB1 Lajeosa do Mondego\" title=\"\"><\/a>\n\t\t\t<\/div><\/figure><figure class='gallery-item'>\n\t\t\t<div class='gallery-icon landscape'>\n\t\t\t\t<a data-elementor-open-lightbox=\"yes\" data-elementor-lightbox-slideshow=\"2dca5cc2\" data-elementor-lightbox-title=\"eb1-lajeosa-mondego_02\" data-e-action-hash=\"#elementor-action%3Aaction%3Dlightbox%26settings%3DeyJpZCI6MTM1OTEsInVybCI6Imh0dHBzOlwvXC9saWdodGVuamluLnB0XC93cC1jb250ZW50XC91cGxvYWRzXC8yMDI0XC8wMVwvZWIxLWxhamVvc2EtbW9uZGVnb18wMi5qcGciLCJzbGlkZXNob3ciOiIyZGNhNWNjMiJ9\" href='https:\/\/lightenjin.pt\/wp-content\/uploads\/2024\/01\/eb1-lajeosa-mondego_02.jpg'><img decoding=\"async\" width=\"300\" height=\"225\" src=\"https:\/\/lightenjin.pt\/wp-content\/uploads\/2024\/01\/eb1-lajeosa-mondego_02-300x225.jpg\" class=\"attachment-medium size-medium\" alt=\"Escola EB1 Lajeosa do Mondego\" title=\"\"><\/a>\n\t\t\t<\/div><\/figure><figure class='gallery-item'>\n\t\t\t<div class='gallery-icon landscape'>\n\t\t\t\t<a data-elementor-open-lightbox=\"yes\" data-elementor-lightbox-slideshow=\"2dca5cc2\" data-elementor-lightbox-title=\"eb1-lajeosa-mondego_01\" data-e-action-hash=\"#elementor-action%3Aaction%3Dlightbox%26settings%3DeyJpZCI6MTM1ODUsInVybCI6Imh0dHBzOlwvXC9saWdodGVuamluLnB0XC93cC1jb250ZW50XC91cGxvYWRzXC8yMDI0XC8wMVwvZWIxLWxhamVvc2EtbW9uZGVnb18wMS5qcGciLCJzbGlkZXNob3ciOiIyZGNhNWNjMiJ9\" data-elementor-lightbox-description=\"Escola EB1 Lajeosa do Mondego\" href='https:\/\/lightenjin.pt\/wp-content\/uploads\/2024\/01\/eb1-lajeosa-mondego_01.jpg'><img decoding=\"async\" width=\"300\" height=\"225\" src=\"https:\/\/lightenjin.pt\/wp-content\/uploads\/2024\/01\/eb1-lajeosa-mondego_01-300x225.jpg\" class=\"attachment-medium size-medium\" alt=\"Escola EB1 Lajeosa do Mondego\" title=\"\"><\/a>\n\t\t\t<\/div><\/figure>\n\t\t<\/div>\n\t\t<\/div>\n\t\t\t\t\t\t<\/div>\n\t\t\t\t<\/div>\n\t\t\t\t\t<\/div>\n\t\t\t\t<\/div>\n\t\t<div class=\"elementor-element elementor-element-29066c23 e-flex e-con-boxed e-con e-parent\" data-id=\"29066c23\" data-element_type=\"container\" data-e-type=\"container\">\r\n\t\t\t\t\t<div class=\"e-con-inner\">\r\n\t\t<div class=\"elementor-element elementor-element-2eff01cb e-con-full e-flex e-con e-child\" data-id=\"2eff01cb\" data-element_type=\"container\" data-e-type=\"container\">\r\n\t\t\t\t<div class=\"elementor-element elementor-element-76c1990 elementor-widget elementor-widget-text-editor\" data-id=\"76c1990\" data-element_type=\"widget\" data-e-type=\"widget\" data-widget_type=\"text-editor.default\">\n\t\t\t\t<div class=\"elementor-widget-container\">\n\t\t\t\t\t\t\t\t\t<p>La r\u00e9novation de l&rsquo;\u00e9cole EB1 Lajeosa do Mondego &#8211; Celorico da Beira a permis d&rsquo;int\u00e9grer un syst\u00e8me d&rsquo;\u00e9clairage intelligent de <strong>Lightenjin<\/strong>, avec des luminaires <strong>LINNE S 90 PRIS<\/strong> \u00e9quip\u00e9s de d\u00e9tecteurs de pr\u00e9sence et de gradation automatique, dans les salles de classe et les salles \u00e0 manger.<\/p>\n<p>Cette solution permet aux enseignants et aux \u00e9l\u00e8ves de b\u00e9n\u00e9ficier \u00e0 tout moment de conditions d&rsquo;\u00e9clairage ad\u00e9quates et confortables, conform\u00e9ment \u00e0 la r\u00e9glementation en vigueur.<\/p>\n<p>De plus, l&rsquo;int\u00e9gration de capteurs dans l&rsquo;\u00e9clairage permet une r\u00e9duction significative de la consommation d&rsquo;\u00e9nergie, car le syst\u00e8me s&rsquo;ajuste lorsqu&rsquo;il d\u00e9tecte la pr\u00e9sence ou l&rsquo;absence de personnes dans l&rsquo;espace.<\/p>\n<p>Il s&rsquo;agit d&rsquo;une solution d&rsquo;\u00e9clairage efficace qui favorise le bien-\u00eatre des personnes et r\u00e9duit les co\u00fbts \u00e9nerg\u00e9tiques.<\/p>\n<hr>\n<p><strong>Produits install\u00e9s:<br \/><a href=\"https:\/\/lightenjin.pt\/fr\/produit\/linne-s-90-pris\/\">LINNE S 90 PRIS<\/a><br \/><\/strong><\/p>\n\t\t\t\t\t\t\t\t<\/div>\n\t\t\t\t<\/div>\n\t\t\t\t<\/div>\n\t\t<div class=\"elementor-element elementor-element-ae28af5 e-con-full e-flex e-con e-child\" data-id=\"ae28af5\" data-element_type=\"container\" data-e-type=\"container\">\r\n\t\t\t\t<div class=\"elementor-element elementor-element-93a633d elementor-widget elementor-widget-image\" data-id=\"93a633d\" data-element_type=\"widget\" data-e-type=\"widget\" data-widget_type=\"image.default\">\n\t\t\t\t<div class=\"elementor-widget-container\">\n\t\t\t\t\t\t\t\t\t\t\t\t<figure class=\"wp-caption\">\n\t\t\t\t\t\t\t\t\t\t\t<a href=\"https:\/\/lightenjin.pt\/produto\/linne-s-90-pris\/\">\n\t\t\t\t\t\t\t<img loading=\"lazy\" decoding=\"async\" width=\"150\" height=\"150\" src=\"https:\/\/lightenjin.pt\/wp-content\/uploads\/2023\/06\/S90-Pris-euluce-150x150.png\" class=\"attachment-thumbnail size-thumbnail wp-image-9614\" alt=\"LINNE S 90 PRIS\" title=\"\">\t\t\t\t\t\t\t\t<\/a>\n\t\t\t\t\t\t\t\t\t\t\t<figcaption class=\"widget-image-caption wp-caption-text\">LINNE S 90 PRIS<\/figcaption>\n\t\t\t\t\t\t\t\t\t\t<\/figure>\n\t\t\t\t\t\t\t\t\t<\/div>\n\t\t\t\t<\/div>\n\t\t\t\t<\/div>\n\t\t\t\t\t<\/div>\n\t\t\t\t<\/div>\n\t\t\t\t<\/div>\n\t\t","protected":false},"excerpt":{"rendered":"<p>Galerie de Photos La r\u00e9novation de l&rsquo;\u00e9cole EB1 Lajeosa do Mondego &#8211; Celorico da Beira a permis d&rsquo;int\u00e9grer un syst\u00e8me d&rsquo;\u00e9clairage intelligent de Lightenjin, avec des luminaires LINNE S 90 PRIS \u00e9quip\u00e9s de d\u00e9tecteurs de pr\u00e9sence et de gradation automatique, dans les salles de classe et les salles \u00e0 manger. Cette solution permet aux enseignants [&hellip;]<\/p>\n","protected":false},"featured_media":13585,"comment_status":"closed","ping_status":"closed","template":"","meta":{"footnotes":""},"portfolio_cat":[395],"portfolio_skills":[402],"class_list":["post-23668","portfolio","type-portfolio","status-publish","has-post-thumbnail","hentry","portfolio_cat-public-fr","portfolio_skills-ecole"],"_links":{"self":[{"href":"https:\/\/lightenjin.pt\/fr\/wp-json\/wp\/v2\/portfolio\/23668","targetHints":{"allow":["GET"]}}],"collection":[{"href":"https:\/\/lightenjin.pt\/fr\/wp-json\/wp\/v2\/portfolio"}],"about":[{"href":"https:\/\/lightenjin.pt\/fr\/wp-json\/wp\/v2\/types\/portfolio"}],"replies":[{"embeddable":true,"href":"https:\/\/lightenjin.pt\/fr\/wp-json\/wp\/v2\/comments?post=23668"}],"version-history":[{"count":1,"href":"https:\/\/lightenjin.pt\/fr\/wp-json\/wp\/v2\/portfolio\/23668\/revisions"}],"predecessor-version":[{"id":23669,"href":"https:\/\/lightenjin.pt\/fr\/wp-json\/wp\/v2\/portfolio\/23668\/revisions\/23669"}],"wp:featuredmedia":[{"embeddable":true,"href":"https:\/\/lightenjin.pt\/fr\/wp-json\/wp\/v2\/media\/13585"}],"wp:attachment":[{"href":"https:\/\/lightenjin.pt\/fr\/wp-json\/wp\/v2\/media?parent=23668"}],"wp:term":[{"taxonomy":"portfolio_cat","embeddable":true,"href":"https:\/\/lightenjin.pt\/fr\/wp-json\/wp\/v2\/portfolio_cat?post=23668"},{"taxonomy":"portfolio_skills","embeddable":true,"href":"https:\/\/lightenjin.pt\/fr\/wp-json\/wp\/v2\/portfolio_skills?post=23668"}],"curies":[{"name":"wp","href":"https:\/\/api.w.org\/{rel}","templated":true}]}}